{"id":7909,"date":"2021-01-08T19:51:54","date_gmt":"2021-01-08T18:51:54","guid":{"rendered":"https:\/\/www.slovozivota.sk\/?page_id=7909"},"modified":"2021-01-10T18:42:51","modified_gmt":"2021-01-10T17:42:51","slug":"modlitebno-postny-tyzden-2021","status":"publish","type":"page","link":"https:\/\/www.slovozivota.sk\/en\/modlitebno-postny-tyzden-2021\/","title":{"rendered":"Modlitebno-p\u00f4stny t\u00fd\u017ede\u0148 2021"},"content":{"rendered":"<p>[vc_row][vc_column][vc_column_text]<\/p>\n<h1>Modlitebno-p\u00f4stny t\u00fdde\u0148 11.-17.1.2021<\/h1>\n<p>[\/vc_column_text][vc_empty_space][\/vc_column][\/vc_row][vc_row][vc_column width=&#8221;2\/3&#8243;][vc_column_text]<img decoding=\"async\" class=\"alignright wp-image-7918\" src=\"https:\/\/www.slovozivota.sk\/wp-content\/uploads\/2021\/01\/banner_modlitebny_tyzden_2021_aktual.png\" alt=\"\" width=\"400\" height=\"270\" srcset=\"https:\/\/www.slovozivota.sk\/wp-content\/uploads\/2021\/01\/banner_modlitebny_tyzden_2021_aktual.png 1080w, https:\/\/www.slovozivota.sk\/wp-content\/uploads\/2021\/01\/banner_modlitebny_tyzden_2021_aktual-300x203.png 300w, https:\/\/www.slovozivota.sk\/wp-content\/uploads\/2021\/01\/banner_modlitebny_tyzden_2021_aktual-1024x691.png 1024w, https:\/\/www.slovozivota.sk\/wp-content\/uploads\/2021\/01\/banner_modlitebny_tyzden_2021_aktual-768x518.png 768w, https:\/\/www.slovozivota.sk\/wp-content\/uploads\/2021\/01\/banner_modlitebny_tyzden_2021_aktual-600x405.png 600w, https:\/\/www.slovozivota.sk\/wp-content\/uploads\/2021\/01\/banner_modlitebny_tyzden_2021_aktual-870x587.png 870w, https:\/\/www.slovozivota.sk\/wp-content\/uploads\/2021\/01\/banner_modlitebny_tyzden_2021_aktual-390x263.png 390w, https:\/\/www.slovozivota.sk\/wp-content\/uploads\/2021\/01\/banner_modlitebny_tyzden_2021_aktual-370x250.png 370w\" sizes=\"(max-width: 767px) 100vw, 400px\" \/><em>&#8220;Modlitba h\u00fdbe rukami, ktor\u00e9 h\u00fdbu svetom&#8221;<\/em><\/p>\n<p>VYHLASUJEME 7-d\u0148ov\u00fd DANIELOV p\u00f4st pre cel\u00fd zbor! Za\u010d\u00edname v pondelok 11.1. a kon\u010d\u00edme nede\u013eou 17.1.<\/p>\n<p><em>\u201eV t\u00fdch d\u0148och som ja Daniel sm\u00fatil za cel\u00e9 tri t\u00fd\u017edne. <strong>\u017diadostn\u00e9ho chleba chutn\u00e9ho som nejedol, a m\u00e4so a v\u00edno nevo\u0161lo do mojich \u00fast<\/strong>, ani mas\u0165ou pomaza\u0165 som sa nepomazal, dokia\u013e sa nevyplnili dni troch t\u00fd\u017ed\u0148ov&#8230; <strong>A pozdvihol som svoje o\u010di a videl som<\/strong>&#8230;&#8221;<\/em> (Dan 10:2,3, 5).<\/p>\n<p><strong>Povzbudzujeme k 7 d\u0148ov\u00e9mu zeleninov\u00e9mu p\u00f4stu, teda bez m\u00e4sa a sladkost\u00ed, pr\u00edpadne k 1-3 d\u0148ov\u00e9mu na tekutin\u00e1ch.<\/strong><\/p>\n<ol>\n<li>Po\u010das p\u00f4stu a modlitby <strong>zrete\u013enej\u0161ie vid\u00edme v duchovnom svete<\/strong>. Dok\u00e1\u017eeme \u013eah\u0161ie uchopi\u0165 Bo\u017eie odpovede.<\/li>\n<li>Po\u010das p\u00f4stu a modlitby <strong>v\u00ed\u0165az\u00edme v duchovnom z\u00e1pase<\/strong>. Boh po\u010dul Daniela u\u017e v prv\u00fd de\u0148, ale potreboval, aby v modlitbe a p\u00f4ste VYTRVAL, a\u017e dokia\u013e nebude porazen\u00e9 &#8220;<em>knie\u017ea perzsk\u00e9ho kr\u00e1\u013eovstva<\/em> (v. 13).<\/li>\n<\/ol>\n<h3>Materi\u00e1ly o p\u00f4ste, ktor\u00e9 v\u00e1m chceme da\u0165 k dispoz\u00edcii:<\/h3>\n<ul>\n<li><a href=\"https:\/\/www.slovozivota.sk\/wp-content\/uploads\/2020\/01\/Post-21-oblasti-na-ktorych-mozes-pracovat.pdf\" target=\"_blank\" rel=\"noopener noreferrer\">21 oblast\u00ed, na ktor\u00fdch m\u00f4\u017ee\u0161 po\u010das p\u00f4stu pracova\u0165<\/a><\/li>\n<li><a href=\"https:\/\/www.slovozivota.sk\/wp-content\/uploads\/2020\/01\/Post-za-specificke-potreby-2019.pdf\" target=\"_blank\" rel=\"noopener noreferrer\">P\u00f4st za tvoje \u0161pecifick\u00e9 potreby<\/a><\/li>\n<li><a href=\"https:\/\/www.slovozivota.sk\/wp-content\/uploads\/2020\/01\/Post-ot\u00e1zky-a-odpovede-2019.pdf\" target=\"_blank\" rel=\"noopener noreferrer\">P\u00f4st &#8211; ot\u00e1zky a odpovede<\/a><\/li>\n<li><a href=\"https:\/\/jentezenfranklin.org\/fasting\" target=\"_blank\" rel=\"noopener noreferrer\">kvalitn\u00e9 materi\u00e1ly v angli\u010dtine od Jentezena Franklina<\/a><\/li>\n<\/ul>\n<p>[\/vc_column_text][vc_empty_space][\/vc_column][vc_column width=&#8221;1\/3&#8243; css=&#8221;.vc_custom_1610298136849{background-color: #f2f2f2 !important;}&#8221;][vc_column_text]<\/p>\n<h3>Modlitebn\u00e1 prosba<\/h3>\n<p>Po\u0161lite n\u00e1m svoje modlitebn\u00e9 prosby, budeme sa za ne po\u010das modlitebno-p\u00f4stneho t\u00fd\u017ed\u0148a prihov\u00e1ra\u0165. Zvl\u00e1\u0161\u0165 ich predlo\u017e\u00edme pred P\u00e1na v piatok ve\u010der na Zoom modlitebnej a po\u010das rannej nede\u013enej bohoslu\u017eby na z\u00e1ver p\u00f4stneho t\u00fd\u017ed\u0148a.[\/vc_column_text][vc_empty_space]\n<div class=\"wpcf7 no-js\" id=\"wpcf7-f4611-o1\" lang=\"sk-SK\" dir=\"ltr\" data-wpcf7-id=\"4611\">\n<div class=\"screen-reader-response\"><p role=\"status\" aria-live=\"polite\" aria-atomic=\"true\"><\/p> <ul><\/ul><\/div>\n<form action=\"\/en\/wp-json\/wp\/v2\/pages\/7909#wpcf7-f4611-o1\" method=\"post\" class=\"wpcf7-form init\" aria-label=\"Kontaktn\u00fd formul\u00e1r\" novalidate=\"novalidate\" data-status=\"init\">\n<div style=\"display: none;\">\n<input type=\"hidden\" name=\"_wpcf7\" value=\"4611\" \/>\n<input type=\"hidden\" name=\"_wpcf7_version\" value=\"6.0.4\" \/>\n<input type=\"hidden\" name=\"_wpcf7_locale\" value=\"sk_SK\" \/>\n<input type=\"hidden\" name=\"_wpcf7_unit_tag\" value=\"wpcf7-f4611-o1\" \/>\n<input type=\"hidden\" name=\"_wpcf7_container_post\" value=\"0\" \/>\n<input type=\"hidden\" name=\"_wpcf7_posted_data_hash\" value=\"\" \/>\n<input type=\"hidden\" name=\"lang\" value=\"en\" \/>\n<input type=\"hidden\" name=\"_wpcf7_recaptcha_response\" value=\"\" \/>\n<\/div>\n<p><label> Your name<br \/>\n<span class=\"wpcf7-form-control-wrap\" data-name=\"your-name\"><input size=\"40\" maxlength=\"400\" class=\"wpcf7-form-control wpcf7-text wpcf7-validates-as-required\" aria-required=\"true\" aria-invalid=\"false\" value=\"\" type=\"text\" name=\"your-name\" \/><\/span> <\/label>\n<\/p>\n<p><label> Your e-mail<br \/>\n<span class=\"wpcf7-form-control-wrap\" data-name=\"your-email\"><input size=\"40\" maxlength=\"400\" class=\"wpcf7-form-control wpcf7-email wpcf7-validates-as-required wpcf7-text wpcf7-validates-as-email\" aria-required=\"true\" aria-invalid=\"false\" value=\"\" type=\"email\" name=\"your-email\" \/><\/span> <\/label>\n<\/p>\n<p><label> Prayer request<br \/>\n<span class=\"wpcf7-form-control-wrap\" data-name=\"your-message\"><textarea cols=\"40\" rows=\"10\" maxlength=\"2000\" class=\"wpcf7-form-control wpcf7-textarea\" aria-invalid=\"false\" name=\"your-message\"><\/textarea><\/span> <\/label>\n<\/p>\n<p>[wpgdprc \"S\u00fahlas\u00edm so spracovan\u00edm osobn\u00fdch \u00fadajov\"]\n<\/p>\n<p><input class=\"wpcf7-form-control wpcf7-submit has-spinner\" type=\"submit\" value=\"Send\" \/>\n<\/p><div class=\"wpcf7-response-output\" aria-hidden=\"true\"><\/div>\n<\/form>\n<\/div>\n[\/vc_column][\/vc_row][vc_row][vc_column][vc_column_text]<\/p>\n<h3>Podrobn\u00fd program:<\/h3>\n<p>Ka\u017ed\u00fd ve\u010der od pondelka do piatka, od 19:00-20:30 budeme ma\u0165 ZOOM modlitebn\u00fa (link ste dostali e-mailom, pr\u00edpadne n\u00e1s <a href=\"mailto:slovozivota@slovozivota.sk\">kontaktujte<\/a> a radi v\u00e1m ho za\u0161leme) s tak\u00fdmito t\u00e9mami:[\/vc_column_text][vc_empty_space][\/vc_column][\/vc_row][vc_row][vc_column][vc_tta_tour][vc_tta_section title=&#8221;Pondelok, 11.1., 19:00-20:30&#8243; tab_id=&#8221;pondelok&#8221;][vc_column_text]<\/p>\n<h2>Dom\u00e1ci zbor a duchovn\u00e9 prebudenie<\/h2>\n<p><em>Modlitby vedie <strong>Katka \u010cu\u0159\u00edkov\u00e1<\/strong>, Peter \u010cu\u0159\u00edk, Andrej Rudolf, Martin Hun\u010d\u00e1r<br \/>\n<\/em><\/p>\n<p>&nbsp;<\/p>\n<p>DUCHOVN\u00c1 BDELOS\u0164<\/p>\n<p>Aby sme nabrali dostatok oleja do na\u0161ich n\u00e1dob! Aby sme nepodriemali ako bl\u00e1zniv\u00e9 panny, ale st\u00e1le boli maj\u00e1kom v temnote pre tento svet (Mt 25 a Mt 5:13-15).<\/p>\n<p>JEDNOTA CIRKVI<\/p>\n<p>Jednota je k\u013e\u00fa\u010dov\u00fdm faktorom prebudenia. Ke\u010f Boh vid\u00ed, \u017ee bratia preb\u00fdvaj\u00fa v JEDNOTE, zvol\u00e1va: &#8220;<em>h\u013ea, ak\u00e9 dobr\u00e9 a mil\u00e9 je to!<\/em>&#8221; Cirkev, ktor\u00e1 \u017eije v jednote Ducha, je miestom &#8220;<em>prik\u00e1zania \u017eivota a po\u017eehnania<\/em>&#8221; (\u017d 133).<\/p>\n<p>SV\u00c4TOS\u0164 A U\u010cEN\u00cdCTVO<\/p>\n<p>Niet prebudenia bez sv\u00e4tosti. Nech P\u00e1n vyleje ve\u013ek\u00fa b\u00e1ze\u0148 na svoj \u013eud (Sk 5:11).<br \/>\nBoh chce pozdvihn\u00fa\u0165 u\u010den\u00edkov, odv\u00e1\u017enych bojovn\u00edkov, ako 318 mu\u017eov, zroden\u00ed v dome Abrah\u00e1ma (1M 14:14).<br \/>\nProsme za zlomenie P\u00daT NEPR\u00c1VOSTI a oslobodenie zajatcov (Lk 4:19).<\/p>\n<p>BO\u017dIA L\u00c1SKA A VZ\u0164AHY<\/p>\n<p>Neexistuje silnej\u0161ie puto, ne\u017e Bo\u017eia l\u00e1ska. Pr\u00e1ve v t\u00fdchto \u010dasoch sa potrebujeme stara\u0165 o du\u0161e, nedovoli\u0165 nepriate\u013eovi, aby n\u00e1s izoloval. \u201e<em>v bratskej l\u00e1ske bu\u010fte navz\u00e1jom k sebe ne\u017en\u00ed, v \u00facte jedny druh\u00fdch predch\u00e1dzaj\u00faci<\/em>\u201c (Rim 12:10).<\/p>\n<p>NADPRIRODZEN\u00c9 VEDENIE A DARY<\/p>\n<p>Uvo\u013enenie darov Ducha Sv\u00e4t\u00e9ho do na\u0161ich osobn\u00fdch \u017eivotov a cirkvi. Pavol hovor\u00ed, aby sme sa \u201e<em>horlivo usilovali o duchovn\u00e9 dary<\/em>\u201c (1Kor 14:1). Prosme za vedenie Bo\u017e\u00edm Duchom v roku 2021!<\/p>\n<p>SLU\u017dBA CHV\u00c1L A SLU\u017dOBN\u00cdCI<\/p>\n<p>Jozafat postavil do \u010dela svojho vojska chv\u00e1li\u010dov a bitvu VYHRALI (2Par 20). Modlime sa za slu\u017eobn\u00edkov vo chv\u00e1lach.<br \/>\nModlime sa za t\u00fdch, ktor\u00ed stoja v prv\u00fdch l\u00edni\u00e1ch. Za pastorov a \u010fal\u0161\u00edch sl\u00fa\u017eiacich, ktor\u00ed s\u00fa ter\u010dom pre nepriate\u013ea.<\/p>\n<p>SLU\u017dBY V CIRKVI<\/p>\n<p>Za chv\u00e1liaci t\u00edm, nede\u013en\u00fa \u0161kolu, dom\u00e1ce skupiny, \u010fal\u0161ie slu\u017eby v zbore, za vydavate\u013estvo, financie, podnikate\u013eov, kazate\u013eov a u\u010dite\u013eov, evanjelistov, za cirkev v Uppsale.<\/p>\n<p>RAST V POMAZAN\u00cd A V PO\u010cTE<\/p>\n<p>Modlime sa za rast cirkvi v ka\u017edej oblasti, za pomazanie na rozmno\u017eenie <em>l\u00eddrov, zdrojov, du\u0161\u00ed<\/em>.<br \/>\nKe\u010f uverili ve\u013ek\u00fd po\u010det du\u0161\u00ed v Antiochii, Barnab\u00e1\u0161 sa zaradoval, lebo \u201e<em>uvidel t\u00fa milos\u0165 Bo\u017eiu!<\/em>\u201c (Sk 11:23).[\/vc_column_text][\/vc_tta_section][vc_tta_section title=&#8221;Utorok, 12.1., 19:00-20:30&#8243; tab_id=&#8221;utorok&#8221;][vc_column_text]<\/p>\n<h2>Evanjeliz\u00e1cia, misia a slu\u017eba<\/h2>\n<p><em>Modlitby vedie <\/em><strong><em>Martin Hun\u010d\u00e1r<\/em><\/strong><em>, Oto Ille\u0161, Ivan Kram\u00e1rek, Mirka Mi\u0161kovicov\u00e1<\/em><strong><br \/>\n<\/strong><\/p>\n<p>&nbsp;<\/p>\n<p>OSOBN\u00c1 EVANJELIZ\u00c1CIA<\/p>\n<p>Nech n\u00e1s Boh privedie k \u013eu\u010fom, ktor\u00ed s\u00fa hladn\u00ed po \u0147om.<br \/>\nOper\u00e1cia \u201eAndrej\u201c. Andrej prv\u00fd prijal Krista a priviedol k nemu svojho brata Petra \u2013 rozmno\u017eenie (Jn 1:43-45).<\/p>\n<p>EVANJELIZ\u00c1CIA MOCOU<\/p>\n<p>\u201e<em>Cho\u010fte po celom svete a k\u00e1\u017ete evanjelium ka\u017ed\u00e9mu stvoreniu&#8230; A oni vy\u0161li a k\u00e1zali v\u0161ade a P\u00e1n spolu\u00fa\u010dinkoval a potvrdzoval slovo t\u00fdm, \u017ee ho sprev\u00e1dzali divy. Amen!<\/em>\u201c K\u00e1\u017ete a o\u010dak\u00e1vajte pri tom DIVY.<\/p>\n<p>SLU\u017dBA NA\u0160EJ KOMUNITE<\/p>\n<p>Modlitba za spasenie bl\u00edzkych, susedov, kolegov a \u013eud\u00ed, s ktor\u00fdmi prich\u00e1dza\u0161 do kontaktu v komunite, kde \u017eije\u0161.<\/p>\n<p>EVANJELIZ\u00c1CIA POMOCOU M\u00c9DI\u00cd<\/p>\n<p><em>Obrovsk\u00e9 mo\u017enosti v technol\u00f3gi\u00e1ch:<\/em><br \/>\nProstredn\u00edctvom m\u00e9di\u00ed: YouTube S\u017d, Web str\u00e1nka, Podcast, soci\u00e1lne siete IG a FB, R\u00e1dio 7, \u010dasopis <em>V\u00ed\u0165azn\u00fd \u017eivot<\/em>.<\/p>\n<p>ZA ROBOTN\u00cdKOV A SLU\u017dBU NA ULICE<\/p>\n<p>Za nov\u00fdch robotn\u00edkov do \u017eatvy \u2013 \u017eatvy je toti\u017e mnoho! Nech P\u00e1n prid\u00e1 viac ako o\u010dak\u00e1vame! (Pozri Mt 9:37,38).<br \/>\nZa slu\u017ebu na uliciach. Evanjeliza\u010dn\u00fd t\u00edm okolo Ota Ill\u00e9\u0161a.<\/p>\n<p>DOM\u00c1CE SKUPINY<\/p>\n<p>Rast dom\u00e1cich skup\u00edn. \u201e<em>A neprest\u00e1vali u\u010di\u0165 ka\u017ed\u00e9ho d\u0148a v chr\u00e1me a po domoch a zvestova\u0165 Je\u017ei\u0161a Krista&#8230; A v t\u00fdch d\u0148och, ke\u010f sa mno\u017eili u\u010den\u00edci<\/em>\u201c (Sk 5:42 a 6:1a).<\/p>\n<p>MISIJN\u00c9 SKUPINY<\/p>\n<p>Za misijn\u00e9 skupiny: Nitra, B. Bystrica, B. \u0160tiavnica, Sere\u010f, \u017dilina, Michalovce, Kom\u00e1rno, Prievidza i za \u010fal\u0161ie dvere, ktor\u00e9 n\u00e1m P\u00e1n otv\u00e1ra. Za posilnenie ved\u00facich a spasenie du\u0161\u00ed.<\/p>\n<p>SLU\u017dBA N\u00daDZNYM A MISIA<\/p>\n<p>\u201e<em>Ale prijmete moc Sv\u00e4t\u00e9ho Ducha, ktor\u00fd pr\u00edde na v\u00e1s a budete mi svedkami i v Jeruzaleme i po celom Judsku i v Sam\u00e1rii a tak a\u017e do poslednej kon\u010diny zeme!<\/em>\u201c (Sk 1:8). Misia v na\u0161om Jeruzaleme, aj do posledn\u00fdch kon\u010d\u00edn zeme.<br \/>\nPr\u00e1ca s n\u00fadznymi, misia v Ugande, misia Uppsaly, \u010fal\u0161ie slu\u017eby (OVD), English speaking, rusky hovoriaci v Bratislave.[\/vc_column_text][\/vc_tta_section][vc_tta_section title=&#8221;Streda, 13.1., 19:00-20:30&#8243; tab_id=&#8221;streda&#8221;][vc_column_text]<\/p>\n<h2>Cirkev, rodina a Izrael<\/h2>\n<p><em>Modlitby vedie <strong>Peter a Katka \u010cu\u0159\u00edkovci<\/strong>, Samira \u00c1csov\u00e1 a Martin Hun\u010d\u00e1r, Pe\u0165o a Andrejka \u0160vecovci<br \/>\n<\/em><\/p>\n<p>&nbsp;<\/p>\n<p>BOH MILUJE SVOJU CIRKEV<\/p>\n<p>\u201e<em>A ja ti hovor\u00edm: Ty si Peter a na tej skale postav\u00edm svoju Cirkev a pekeln\u00e9 br\u00e1ny ju neprem\u00f4\u017eu<\/em>\u201c (Mt 16:18).<br \/>\nJe\u017ei\u0161 S\u00c1M stavia svoju cirkev. Milujme to, \u010do miluje ON.<\/p>\n<p>AUTORITA A VPLYV CIRKVI<\/p>\n<p>Boh dal cirkvi pr\u00e1vo zv\u00e4zova\u0165 a rozv\u00e4zova\u0165. \u201e<em>V\u0161etko, \u010do by ste zviazali na zemi, bude rozviazan\u00e9 aj na nebi. A v\u0161etko, \u010do by ste rozviazali na zemi, bude rozviazan\u00e9 aj v nebi!<\/em>\u201c (Mt 18:18)<br \/>\nObnovenie m\u00farov, ktor\u00e9 boli \u201esp\u00e1len\u00e9\u201c. Posilnenie pre pastorov a sl\u00fa\u017eiacich v dome Bo\u017eom.<br \/>\nBo\u017eie otvoren\u00e9 dvere pre cirkev: \u201elebo s\u00fa mi otvoren\u00e9 ve\u013ek\u00e9 dvere a \u00fa\u010dinn\u00e9\u201c (1Kor 16:9).<\/p>\n<p>RODINY<\/p>\n<p>Zdrav\u00e9 rodiny s\u00fa z\u00e1kladom zdravej cirkvi a spolo\u010dnosti. S\u00e1m Boh bojuje za man\u017eelstv\u00e1 (Kaz 4:12, \u017did 13:4) a za rodiny (\u017d 128:3). Boh d\u00e1va plodnos\u0165 a vid\u00ed deti ako po\u017eehnanie.<\/p>\n<p>SPASENIE ROD\u00cdN<\/p>\n<p>\u201e<em>Ja a m\u00f4j dom budeme sl\u00fa\u017ei\u0165 Hospodinovi<\/em>&#8221; (Joz 24:15). Verme P\u00e1novi za spasenie cel\u00fdch rod\u00edn (Sk 16:31). Na\u0161a modlitba je ako \u010derven\u00fd povr\u00e1zok z pr\u00edbytku Rachab \u2013 ke\u010f vo\u0161li pr\u00edbuzn\u00ed pod jej strechu, boli zachr\u00e1nen\u00ed.<\/p>\n<p>ODOVZD\u00c1VANIE VIERY DE\u0164OM<\/p>\n<p>\u201e<em>aby poznali bud\u00face pokolenie, synovia, ktor\u00ed sa narodia, aby aj t\u00ed povstali a rozpr\u00e1vali to svojim synom<\/em>\u201c Rodina je najlep\u0161\u00edm miestom pre odovzd\u00e1vanie viery (\u017d 78:6)<\/p>\n<p>DETSK\u00c1 SLU\u017dBA<\/p>\n<p>\u201e<em>Vychov\u00e1vaj chlapca na po\u010diatku jeho cesty, tak sa ani v starobe neodch\u00fdli z nej<\/em>\u201c (Pr 22:6).<br \/>\nVer\u00edme Bohu za trval\u00e9 ovocie. Slu\u017eba nede\u013enej \u0161koly, u\u010ditelia N\u0160, krst Duchom Sv\u00e4t\u00fdm, rodi\u010dia, detsk\u00fd t\u00e1bor.<\/p>\n<p>FINANCIE<\/p>\n<p>Finan\u010dn\u00fa hojnos\u0165 pre ka\u017ed\u00e9ho \u010dlena zboru, rodiny, slobodn\u00fdch, seniorov, podnikate\u013eov.<br \/>\nZvl\u00e1\u0161\u0165 za t\u00fdch, ktor\u00ed boli postihnut\u00ed obmedzeniami pand\u00e9mie, \u010di stratili pr\u00e1cu.<\/p>\n<p>Mal 3:10-12<br \/>\n2Kor 9:8-9<\/p>\n<p>Verme Bohu za OTVORENIE nebesk\u00fdch prieduchov a VYLIATIA PO\u017dEHNANIA a\u017e prehojne, aby sme v\u017edy a vo v\u0161etkom mali hojnos\u0165 pre seba, rodiny, cirkev, misiu i n\u00fadznych.<\/p>\n<p>IZRAEL<\/p>\n<p>Ak \u017eehn\u00e1me Izraelu, budeme po\u017eehnan\u00ed! Boh nezabudol na svoju zmluvu s Izraelom.<br \/>\n\u201e<em>\u017diadajte Jeruzalemu pokoj a hovorte: Nech \u017eij\u00fa v blahu a v pokoji t\u00ed, ktor\u00ed \u0165a miluj\u00fa!<\/em>\u201d (\u017d 122:6)<\/p>\n<p>BO\u017d\u00cd PL\u00c1N PRE IZRAEL<\/p>\n<p>Je\u017ei\u0161 sa vr\u00e1ti na do Jeruzalema na Olivetsk\u00fa horu. Bez oh\u013eadu na verejn\u00fa mienku, \u017didia s\u00fa \u013eudom bud\u00facnosti!<br \/>\nModlime sa za naplnenie Bo\u017e\u00edch pl\u00e1nov pre ich krajinu a pre ich \u013eud. V posledn\u00fdch \u010dasoch hraj\u00fa k\u013e\u00fa\u010dov\u00fa rolu.[\/vc_column_text][\/vc_tta_section][vc_tta_section title=&#8221;\u0160tvrtok, 14.1., 19:00-20:30&#8243; tab_id=&#8221;stvrtok&#8221;][vc_column_text]<\/p>\n<h2>Slovensko, vl\u00e1da, podnikatelia<\/h2>\n<p><em>Modlitby vedie Peter \u010cu\u0159\u00edk, <strong>Ondrej Chrob\u00e1k, Ivonka Chrob\u00e1kov\u00e1<\/strong><\/em><strong><br \/>\n<\/strong><\/p>\n<p>&nbsp;<\/p>\n<p>PROTI PAND\u00c9MII A ZA UZDRAVENIE KRAJINY<\/p>\n<p>Keby Boh zavrel nebo a dopustil by na zem mor, vyz\u00fdva svoj \u013eud: \u201e<em>a keby sa zohol, a tak sa pokoril m\u00f4j \u013eud, nad ktor\u00fdm je vz\u00fdvan\u00e9 moje meno, a keby sa modlili a h\u013eadali by moju tv\u00e1r a odvr\u00e1tili by sa od svojich zl\u00fdch ciest, ja vysly\u0161\u00edm z nebies, odpust\u00edm ich hriech a uzdrav\u00edm ich zem<\/em>\u201c (2Par 7:14).<\/p>\n<p>ZA AUTORITY<\/p>\n<p>PREDO V\u0160ETK\u00ddM sa m\u00e1me modli\u0165 za postaven\u00fdch v autorite, \u201e<em>aby sme \u017eili pokojn\u00fd a tich\u00fd \u017eivot vo v\u0161etkej pobo\u017enosti a po\u010destnosti<\/em>&#8221; (1Tim 2:1,2).<\/p>\n<p>ZA BRATISLAVU A SLOVENSKO<\/p>\n<p>&#8220;<em>A h\u013eadajte pokoj mesta, do ktor\u00e9ho som v\u00e1s pres\u0165ahoval a modlite sa za\u0148 Hospodinovi lebo v jeho pokoji budete ma\u0165 pokoj.<\/em>&#8221; (Jer 29:7). Pokoj pre Bo\u017e\u00ed \u013eud je vztiahnut\u00fd k pokoju mesta, do ktor\u00e9ho n\u00e1s Boh postavil.<\/p>\n<p>SPRAVODLIVOS\u0164 A VYMO\u017dITE\u013dNOS\u0164 PR\u00c1VA<\/p>\n<p>\u201e<em>Spravodlivos\u0165 vyvy\u0161uje n\u00e1rod ale hriech je potupou n\u00e1rodov<\/em>&#8221; (Pr 14:34). Modlime sa proti korupcii a bezbo\u017enosti. Ako k\u0148az \u00c1ron s kadidlom, aj my m\u00f4\u017eeme v modlitbe st\u00e1\u0165 v medzere, medzi \u017eiv\u00fdmi a m\u0155tvymi a zastavi\u0165 smr\u0165 a \u0161\u00edrenie bezbo\u017enosti (4M 16:48).<\/p>\n<p>FINANCIE<\/p>\n<p>Finan\u010dn\u00fa hojnos\u0165 pre podnikate\u013eov, strat\u00e9gie, spr\u00e1vne rozhodnutia.<br \/>\nNov\u00e9 podnikate\u013esk\u00e9 aktivity. Zlomenie genera\u010dn\u00fdch prekliat\u00ed chudoby a nedostatku.<\/p>\n<p>EKONOMIKA<\/p>\n<p>Finan\u010dn\u00fa hojnos\u0165 pre mesto, regi\u00f3n a n\u00e1rod. Nov\u00e9 pracovn\u00e9 miesta a vyplatenie \u201ezadr\u017eanej mzdy\u201c.<br \/>\nProsperita pre Bo\u017e\u00ed \u013eud: \u201e<em>Iz\u00e1k za\u010dal v tej krajine sia\u0165 a v tom roku zo\u017eal ston\u00e1sobne, lebo Hospodin ho po\u017eehnal!<\/em>\u201c (1M 26:12).[\/vc_column_text][\/vc_tta_section][vc_tta_section title=&#8221;Piatok, 15.1., 19:00-20:45&#8243; tab_id=&#8221;piatok&#8221;][vc_column_text]<\/p>\n<h2>Dorast, ml\u00e1de\u017e, slobodn\u00ed, vz\u0165ahy<\/h2>\n<p><em>Modlitby vedie <strong>Tom\u00e1\u0161 \u0160imko<\/strong><\/em><em>, Jan\u010di Laurovi\u010d, Janka Hrivn\u00e1kov\u00e1, Peter \u010cu\u0159\u00edk junior<\/em><strong><br \/>\n<\/strong><\/p>\n<p>&nbsp;<\/p>\n<p>MLAD\u00cd \u013dUDIA S\u00da BUD\u00daCNOS\u0164OU<\/p>\n<p>Boh m\u00e1 pre mlad\u00fdch v dome Bo\u017eom svoje miesto: \u201e<em>Nech nikto nepoh\u0155da tvojou mlados\u0165ou<\/em>\u201c (1Tim 4:12a).<br \/>\nBoh m\u00e1 pre mlad\u00fdch \u013eud\u00ed pre \u017eivot ciele a z\u00e1mery: \u201eAko strely v ruke hrdinu, tak synovia mladosti.\u201c (\u017d 127:4)<\/p>\n<p>\u017dIVOTN\u00c9 ROZHODNUTIA<\/p>\n<p>Za dobr\u00e9 priate\u013estv\u00e1, spr\u00e1vny v\u00fdber \u0161koly, zamestnania, \u017eivotn\u00e9ho partnera, slu\u017eby pre P\u00e1na.<br \/>\nAby ne\u0161li s pr\u00fadom tohto sveta, ale zachovali si biblick\u00e9 hodnoty podobne, ako Daniel v Babylone.<\/p>\n<p>VED\u00daCI SLU\u017dIEB<\/p>\n<p>Modl\u00edme sa za l\u00eddrov dorastu G1 a ml\u00e1de\u017ee SPARK. S\u00fa d\u00f4le\u017eitou s\u00fa\u010das\u0165ou procesu formovania mlad\u00fdch.<br \/>\nModlime za duchovn\u00fd a osobnostn\u00fd rast mlad\u00fdch, aby dorastali do \u201e<em>plnosti mu\u017eov a \u017eien Bo\u017e\u00edch<\/em>\u201c (Ef 4:11-14).<\/p>\n<p>VYLIATIE BO\u017dIEHO DUCHA<\/p>\n<p>\u201e<em>A bude v posledn\u00fdch d\u0148och, hovor\u00ed Boh, \u017ee vylejem zo svojho Ducha na ka\u017ed\u00e9 telo, a va\u0161i synovia bud\u00fa prorokova\u0165 i va\u0161e dc\u00e9ry, a va\u0161i ml\u00e1denci bud\u00fa v\u00edda\u0165 videnia&#8230;<\/em>\u201c (Sk 2:17).<\/p>\n<p>POSV\u00c4TENIE \u201e<em>Nech nikto nepoh\u0155da tvojou mlados\u0165ou, ale bu\u010f pr\u00edkladom vern\u00fdch v slove, obcovan\u00ed, v l\u00e1ske, v duchu, vo viere, mravnej \u010distote<\/em>\u201c (1Tim 4:12). Na\u0161e modlitby p\u00f4sobia podobne, ako modlitby Jochebed ochr\u00e1nili Moj\u017ei\u0161a v rieke N\u00edl.<\/p>\n<p>VZ\u0164AHY<\/p>\n<p>Kvalitn\u00e9 vz\u0165ahy pre mlad\u00fdch s\u00fa k\u013e\u00fa\u010dov\u00e9: v cirkvi, v \u0161kol\u00e1ch a zamestnaniach.<br \/>\n\u201e<em>Ten, kto chod\u00ed s m\u00fadrymi, bude m\u00fadry; ale tomu, kto sa dru\u017e\u00ed s bl\u00e1znami, sa zle povod\u00ed<\/em>\u201c (Pr 13:20).<\/p>\n<p>SLOBODN\u00cd<\/p>\n<p>S\u00fa d\u00f4le\u017eitou a plnohodnotnou s\u00fa\u010das\u0165ou cirkvi. Za Bo\u017e\u00ed pl\u00e1n, vz\u0165ahy, \u017eivot s Kristom a kvalitn\u00fa komunitu.<br \/>\nMnoh\u00ed maj\u00fa pred sebou e\u0161te man\u017eelstvo, niektor\u00ed s\u00fa povolan\u00ed, aby Bohu sl\u00fa\u017eili ako single.<\/p>\n<p>REACH OUT<\/p>\n<p>Chceme oslovi\u0165 nov\u00fdch mlad\u00fdch \u013eud\u00ed! Skupinky na \u0161kol\u00e1ch a nov\u00ed slu\u017eobn\u00edci do t\u00edmov.<br \/>\nMlad\u00ed, ktor\u00ed vyrastali v kres\u0165ansk\u00fdch rodin\u00e1ch s\u00fa obrovsk\u00fdm potenci\u00e1lom, ale aj so \u0161pecifick\u00fdmi z\u00e1pasmi.[\/vc_column_text][\/vc_tta_section][\/vc_tta_tour][\/vc_column][\/vc_row]<\/p>\n","protected":false},"excerpt":{"rendered":"<p>[vc_row][vc_column][vc_column_text] Modlitebno-p\u00f4stny t\u00fdde\u0148 11.-17.1.2021 [\/vc_column_text][vc_empty_space][\/vc_column][\/vc_row][vc_row][vc_column width=&#8221;2\/3&#8243;][vc_column_text]&#8220;Modlitba h\u00fdbe rukami, ktor\u00e9 h\u00fdbu svetom&#8221; VYHLASUJEME 7-d\u0148ov\u00fd DANIELOV p\u00f4st pre cel\u00fd zbor! Za\u010d\u00edname v pondelok 11.1. a kon\u010d\u00edme nede\u013eou 17.1. \u201eV t\u00fdch d\u0148och som [&hellip;]<\/p>\n","protected":false},"author":109,"featured_media":0,"parent":0,"menu_order":0,"comment_status":"closed","ping_status":"closed","template":"","meta":{"episode_type":"","audio_file":"","cover_image":"","cover_image_id":"","duration":"","filesize":"","date_recorded":"","explicit":"","block":"","filesize_raw":"","footnotes":""},"class_list":["post-7909","page","type-page","status-publish","hentry"],"_links":{"self":[{"href":"https:\/\/www.slovozivota.sk\/en\/wp-json\/wp\/v2\/pages\/7909","targetHints":{"allow":["GET"]}}],"collection":[{"href":"https:\/\/www.slovozivota.sk\/en\/wp-json\/wp\/v2\/pages"}],"about":[{"href":"https:\/\/www.slovozivota.sk\/en\/wp-json\/wp\/v2\/types\/page"}],"author":[{"embeddable":true,"href":"https:\/\/www.slovozivota.sk\/en\/wp-json\/wp\/v2\/users\/109"}],"replies":[{"embeddable":true,"href":"https:\/\/www.slovozivota.sk\/en\/wp-json\/wp\/v2\/comments?post=7909"}],"version-history":[{"count":0,"href":"https:\/\/www.slovozivota.sk\/en\/wp-json\/wp\/v2\/pages\/7909\/revisions"}],"wp:attachment":[{"href":"https:\/\/www.slovozivota.sk\/en\/wp-json\/wp\/v2\/media?parent=7909"}],"curies":[{"name":"wp","href":"https:\/\/api.w.org\/{rel}","templated":true}]}}