{"id":11002,"date":"2023-09-26T15:33:14","date_gmt":"2023-09-26T13:33:14","guid":{"rendered":"https:\/\/www.slovozivota.sk\/?page_id=11002"},"modified":"2025-03-25T17:36:29","modified_gmt":"2025-03-25T16:36:29","slug":"vbs-2023","status":"publish","type":"page","link":"https:\/\/www.slovozivota.sk\/ru-ru\/vbs-2023\/","title":{"rendered":"Ve\u010dern\u00e1 biblick\u00e1 \u0161kola 2023"},"content":{"rendered":"<p>[vc_row][vc_column][vc_column_text]<\/p>\n<h1>Ve\u010dern\u00e1 biblick\u00e1 \u0161kola 2023<\/h1>\n<p>[\/vc_column_text][vc_empty_space][\/vc_column][\/vc_row][vc_row][vc_column width=&#8221;1\/2&#8243;][vc_single_image image=&#8221;10901&#8243; img_size=&#8221;full&#8221;][vc_empty_space][vc_column_text]Drah\u00ed \u0161tudenti, na tejto str\u00e1nke budeme postupne zverej\u0148ova\u0165 audio nahr\u00e1vky a v\u0161etky potrebn\u00e9 inform\u00e1cie k jednotliv\u00fdm lekci\u00e1m.[\/vc_column_text][vc_empty_space]<audio class=\"sc_audio sc_audio_type_\" src=\"\/wp-content\/uploads\/audio\/vbs_2023\/20230926_lekcia_01.mp3\" width=\"\" height=\"\" data-title=\"1. lekcia | 26.9.2023 | Boh a Jeho charakter\" data-author=\"Peter \u010cu\u0159\u00edk\"><\/audio><div class=\"sc_accordion sc_accordion_style_2\" data-active=\"-1\"><div id=\"sc_accordion_item_1616512483377_10\" class=\"sc_accordion_item odd first\"><h5 class=\"sc_accordion_title\"><span class=\"first-letter-accordion\"><\/span><span class=\"sc_accordion_addtional\"><span class=\"sc_accordion_icon sc_accordion_icon_closed icon-plus\"><\/span><span class=\"sc_accordion_icon sc_accordion_icon_opened icon-minus\"><\/span>Preberan\u00e9 kapitoly z knihy Biblick\u00e9 z\u00e1klady<\/span><\/h5><div class=\"sc_accordion_content\">[vc_column_text][\/vc_column_text][vc_column_text]T\u00e1to lekcia rozober\u00e1 nasleduj\u00face kapitoly z knihy Biblick\u00e9 z\u00e1klady:<\/p>\n<ul>\n<li>1. kapitola &#8211; Evanjelium (str. 12-19)<\/li>\n<\/ul>\n<p>[\/vc_column_text]<\/div><\/div><div class=\"sc_accordion_item even\"><h5 class=\"sc_accordion_title\"><span class=\"first-letter-accordion\"><\/span><span class=\"sc_accordion_addtional\"><span class=\"sc_accordion_icon sc_accordion_icon_closed icon-plus\"><\/span><span class=\"sc_accordion_icon sc_accordion_icon_opened icon-minus\"><\/span>Atan\u00e1ziovo vyznanie<\/span><\/h5><div class=\"sc_accordion_content\">[vc_column_text]<strong>Atan\u00e1ziovo vyznanie (proti \u00c1riovi) <\/strong><br \/>\n4. storo\u010die<\/p>\n<p><em>Aj ke\u010f toto vyznanie nie je s\u00fa\u010das\u0165ou biblick\u00e9ho k\u00e1nonu, je siln\u00fdm svedectvom o\u00a0viere ranej cirkvi v\u00a0bo\u017estvo Je\u017ei\u0161a Krista, ktor\u00fa \u201eArianizmus\u201c spochyb\u0148oval.<\/em><\/p>\n<p>A toto je v\u0161eobecn\u00e1 viera, aby sme vyzn\u00e1vali jedn\u00e9ho Boha v Trojici a Trojicu v jednote; ani osoby nezmie\u0161aj\u00fac, ani bytosti nedeliac. Lebo in\u00e1 je osoba Otca, in\u00e1 Syna, in\u00e1 Ducha Sv\u00e4t\u00e9ho.<br \/>\nAle Otec i Syn i Duch Sv\u00e4t\u00fd maj\u00fa jedno Bo\u017estvo, rovnak\u00fa sl\u00e1vu a rovnak\u00fa ve\u010dn\u00fa velebu.<br \/>\nAk\u00fd je Otec, tak\u00fd je Syn aj Duch Sv\u00e4t\u00fd.\u00b4<br \/>\nNestvoren\u00fd Otec, nestvoren\u00fd Syn, nestvoren\u00fd Duch Sv\u00e4t\u00fd.<br \/>\nNekone\u010dn\u00fd Otec, nekone\u010dn\u00fd Syn, nekone\u010dn\u00fd Duch Sv\u00e4t\u00fd.<br \/>\nVe\u010dn\u00fd Otec, ve\u010dn\u00fd Syn, ve\u010dn\u00fd Duch Sv\u00e4t\u00fd.<br \/>\nA predsa nie traja ve\u010dn\u00ed, ale jeden ve\u010dn\u00fd.<br \/>\nAko ani nie traja nestvoren\u00ed, ani nie traja nekone\u010dn\u00ed, ale jeden nestvoren\u00fd a jeden nekone\u010dn\u00fd.<br \/>\nPodobne v\u0161emoh\u00faci Otec, v\u0161emoh\u00faci Syn, v\u0161emoh\u00faci Duch Sv\u00e4t\u00fd.<br \/>\nA predsa nie traja v\u0161emoh\u00faci, ale jeden v\u0161emoh\u00faci.<br \/>\nTak je Otec \u2013 Boh, Syn \u2013 Boh, Duch Sv\u00e4t\u00fd \u2013 Boh.<br \/>\nA predsa nie s\u00fa traja Bohovia, ale len jeden Boh.<br \/>\nPodobne Otec \u2013 P\u00e1n, Syn \u2013 P\u00e1n, Duch Sv\u00e4t\u00fd \u2013 P\u00e1n.<br \/>\nA predsa nie s\u00fa traja P\u00e1novia, ale je jeden P\u00e1n.<br \/>\nPreto\u017ee pod\u013ea kres\u0165anskej pravdy mus\u00edme ka\u017ed\u00fa osobu osobitne vyzn\u00e1va\u0165 ako Boha i P\u00e1na.<br \/>\nPreto pod\u013ea V\u0161eobecnej kres\u0165anskej viery zabra\u0148uje sa n\u00e1m hovori\u0165, \u017ee s\u00fa traja Bohovia alebo traja P\u00e1novia.<br \/>\nOtec nie je nik\u00fdm u\u010dinen\u00fd, ani stvoren\u00fd, ani sploden\u00fd.<br \/>\nSyn je jedine od Otca nie u\u010dinen\u00fd, ani stvoren\u00fd, ale sploden\u00fd.<br \/>\nDuch Sv\u00e4t\u00fd je od Otca i od Syna nie u\u010dinen\u00fd, ani stvoren\u00fd, ani sploden\u00fd, ale poch\u00e1dzaj\u00faci.<br \/>\nTeda jeden Otec a nie traja Otcovia, jeden Syn a nie traja Synovia, jeden Duch Sv\u00e4t\u00fd a nie traja Duchovia Sv\u00e4t\u00ed.<br \/>\nA v tejto Trojici ni\u010d nie je prv\u0161ie ani pozdej\u0161ie; ni\u010d v\u00e4\u010d\u0161ie ani men\u0161ie, ale v\u0161etky tri osoby s\u00fa rovnako ve\u010dn\u00e9 a rovnako ve\u013ek\u00e9.<br \/>\nTeda aby v\u0161etci, ako sme u\u017e povedali, vz\u00fdvali i Trojicu v jednote i jednotu v Trojici.<br \/>\nKto teda chce by\u0165 spasen\u00fd, takto mus\u00ed zm\u00fd\u0161\u013ea\u0165 o Trojici.<br \/>\nAv\u0161ak k ve\u010dnej sp\u00e1se treba \u00faprimne veri\u0165 i vo vtelenie n\u00e1\u0161ho P\u00e1na Je\u017ei\u0161a Krista.<br \/>\nTeda to je prav\u00e1 viera, ke\u010f ver\u00edme a vyzn\u00e1vame, \u017ee P\u00e1n n\u00e1\u0161 Je\u017ei\u0161 Kristus, Bo\u017e\u00ed Syn, je Boh aj \u010dlovek z\u00e1rove\u0148:<br \/>\nBoh \u2013 z Otcovej podstaty pred vekmi sploden\u00fd a \u010dlovek \u2013 z podstaty matky v \u010dase naroden\u00fd.<br \/>\nDokonal\u00fd Boh, dokonal\u00fd \u010dlovek, pozost\u00e1vaj\u00faci z rozumnej du\u0161e a z \u013eudsk\u00e9ho tela.<br \/>\nBo\u017eskou prirodzenos\u0165ou rovn\u00fd Otcovi, \u013eudskou prirodzenos\u0165ou men\u0161\u00ed od Otca.<br \/>\nA hoci je Boh aj \u010dlovek, predsa nie s\u00fa dvaja Kristovia, ale jeden Kristus.<br \/>\nJeden, nie\u017eeby sa Bo\u017esk\u00e1 prirodzenos\u0165 zmenila v telo; ale \u017ee \u013eudsk\u00e1 prirodzenos\u0165 bola pojat\u00e1 do Boha.<br \/>\nJeden, ale v\u00f4bec nie tak, \u017ee sa prirodzenosti zmie\u0161ali, ale tak, \u017ee je jedna osoba.<br \/>\nLebo ako rozumn\u00e1 du\u0161a a telo je jeden \u010dlovek, tak i Boh a \u010dlovek je jeden Kristus, ktor\u00fd trpel pre na\u0161e spasenie, zost\u00fapil do pekla, tretieho d\u0148a vstal z m\u0155tvych, vst\u00fapil na nebes\u00e1, sed\u00ed na pravici Boha Otca v\u0161emoh\u00faceho, odtia\u013e pr\u00edde s\u00fadi\u0165 \u017eiv\u00fdch i m\u0155tvych.<br \/>\nK Jeho pr\u00edchodu v\u0161etci \u013eudia bud\u00fa vzkriesen\u00ed so svojimi telami a vydaj\u00fa po\u010det zo svojich skutkov: a t\u00ed, ktor\u00ed dobre konali, p\u00f4jdu do ve\u010dn\u00e9ho \u017eivota; ktor\u00ed v\u0161ak zle konali, do ve\u010dn\u00e9ho oh\u0148a.<br \/>\nToto je v\u0161eobecn\u00e1 viera. Nem\u00f4\u017ee by\u0165 spasen\u00fd, kto ju \u00faprimne a bez pochybovania neprij\u00edma. Amen.[\/vc_column_text]<\/div><\/div><\/div>[vc_empty_space]<audio class=\"sc_audio sc_audio_type_\" src=\"\/wp-content\/uploads\/audio\/vbs_2023\/20231003_lekcia_02.mp3\" width=\"\" height=\"\" data-title=\"2. lekcia | 3.10.2023 | \u017div\u00e1 viera\" data-author=\"Martin Hun\u010d\u00e1r\"><\/audio><div class=\"sc_accordion sc_accordion_style_2\" data-active=\"-1\"><div id=\"sc_accordion_item_1616512483377_10\" class=\"sc_accordion_item odd first\"><h5 class=\"sc_accordion_title\"><span class=\"first-letter-accordion\"><\/span><span class=\"sc_accordion_addtional\"><span class=\"sc_accordion_icon sc_accordion_icon_closed icon-plus\"><\/span><span class=\"sc_accordion_icon sc_accordion_icon_opened icon-minus\"><\/span>Preberan\u00e9 kapitoly z knihy Biblick\u00e9 z\u00e1klady<\/span><\/h5><div class=\"sc_accordion_content\">[vc_column_text][\/vc_column_text][vc_column_text]<\/p>\n<div class=\"wpb_text_column wpb_content_element \">\n<div class=\"wpb_wrapper\">\n<p>T\u00e1to lekcia rozober\u00e1 nasleduj\u00face kapitoly z knihy Biblick\u00e9 z\u00e1klady:<\/p>\n<ul>\n<li>7. kapitola \u2013 Viera v Boha (str. 56-67)<\/li>\n<\/ul>\n<\/div>\n<\/div>\n<p>[\/vc_column_text]<\/div><\/div><\/div>[vc_empty_space]<audio class=\"sc_audio sc_audio_type_\" src=\"\/wp-content\/uploads\/audio\/vbs_2023\/20231010_lekcia_03.mp3\" width=\"\" height=\"\" data-title=\"3. lekcia | 10.10.2023 | Autorita veriaceho\" data-author=\"Tom\u00e1\u0161 \u0160imko\"><\/audio><div class=\"sc_accordion sc_accordion_style_2\" data-active=\"-1\"><div id=\"sc_accordion_item_1616512483377_10\" class=\"sc_accordion_item odd first\"><h5 class=\"sc_accordion_title\"><span class=\"first-letter-accordion\"><\/span><span class=\"sc_accordion_addtional\"><span class=\"sc_accordion_icon sc_accordion_icon_closed icon-plus\"><\/span><span class=\"sc_accordion_icon sc_accordion_icon_opened icon-minus\"><\/span>Preberan\u00e9 kapitoly z knihy Biblick\u00e9 z\u00e1klady<\/span><\/h5><div class=\"sc_accordion_content\">[vc_column_text][\/vc_column_text][vc_column_text]<\/p>\n<div class=\"wpb_text_column wpb_content_element \">\n<div class=\"wpb_wrapper\">\n<p>T\u00e1to lekcia rozober\u00e1 nasleduj\u00face kapitoly z knihy Biblick\u00e9 z\u00e1klady:<\/p>\n<ul>\n<li>8. kapitola \u2013 Kres\u0165ansk\u00e1 rodina (str. 68-78)<\/li>\n<\/ul>\n<\/div>\n<\/div>\n<p>[\/vc_column_text]<\/div><\/div><\/div>[vc_empty_space]<audio class=\"sc_audio sc_audio_type_\" src=\"\/wp-content\/uploads\/audio\/vbs_2023\/20231017_lekcia_04.mp3\" width=\"\" height=\"\" data-title=\"4. lekcia | 17.10.2023 | Posledn\u00e9 \u010dasy, zm\u0155tvychvstanie, s\u00fady\" data-author=\"Peter \u010cu\u0159\u00edk\"><\/audio><div class=\"sc_accordion sc_accordion_style_2\" data-active=\"-1\"><div id=\"sc_accordion_item_1616512483377_10\" class=\"sc_accordion_item odd first\"><h5 class=\"sc_accordion_title\"><span class=\"first-letter-accordion\"><\/span><span class=\"sc_accordion_addtional\"><span class=\"sc_accordion_icon sc_accordion_icon_closed icon-plus\"><\/span><span class=\"sc_accordion_icon sc_accordion_icon_opened icon-minus\"><\/span>Preberan\u00e9 kapitoly z knihy Biblick\u00e9 z\u00e1klady<\/span><\/h5><div class=\"sc_accordion_content\">[vc_column_text][\/vc_column_text][vc_column_text]<\/p>\n<div class=\"wpb_text_column wpb_content_element \">\n<div class=\"wpb_wrapper\">\n<div class=\"wpb_text_column wpb_content_element \">\n<div class=\"wpb_wrapper\">\n<p>T\u00e1to lekcia rozober\u00e1 nasleduj\u00face kapitoly z knihy Biblick\u00e9 z\u00e1klady:<\/p>\n<ul>\n<li>10. kapitola \u2013 Zm\u0155tvychvstanie, ve\u010dn\u00fd s\u00fad (str. 92-105)<\/li>\n<\/ul>\n<\/div>\n<\/div>\n<\/div>\n<\/div>\n<p>[\/vc_column_text]<\/div><\/div><\/div>[vc_empty_space]<audio class=\"sc_audio sc_audio_type_\" src=\"\/wp-content\/uploads\/audio\/vbs_2023\/20231024_lekcia_05.mp3\" width=\"\" height=\"\" data-title=\"5. lekcia | 22.10.2023 | Autorita Biblie a moc Bo\u017eieho slova\" data-author=\"Martin Hun\u010d\u00e1r\"><\/audio><div class=\"sc_accordion sc_accordion_style_2\" data-active=\"-1\"><div id=\"sc_accordion_item_1616512483377_10\" class=\"sc_accordion_item odd first\"><h5 class=\"sc_accordion_title\"><span class=\"first-letter-accordion\"><\/span><span class=\"sc_accordion_addtional\"><span class=\"sc_accordion_icon sc_accordion_icon_closed icon-plus\"><\/span><span class=\"sc_accordion_icon sc_accordion_icon_opened icon-minus\"><\/span>Preberan\u00e9 kapitoly z knihy Biblick\u00e9 z\u00e1klady<\/span><\/h5><div class=\"sc_accordion_content\">[vc_column_text][\/vc_column_text][vc_column_text]T\u00e1to lekcia rozober\u00e1 nasleduj\u00face kapitoly z knihy Biblick\u00e9 z\u00e1klady:<\/p>\n<ul>\n<li>6. kapitola \u2013 Bo\u017eie slovo (str. 50-55)<\/li>\n<\/ul>\n<p>[\/vc_column_text]<\/div><\/div><\/div>[vc_empty_space]<audio class=\"sc_audio sc_audio_type_\" src=\"\/wp-content\/uploads\/audio\/vbs_2023\/20231031_lekcia_06.mp3\" width=\"\" height=\"\" data-title=\"6. lekcia | 31.10.2023 | Ako rozv\u00edja\u0165 modlitebn\u00fd \u017eivot?\" data-author=\"Katka \u010cu\u0159\u00edkov\u00e1\"><\/audio><div class=\"sc_accordion sc_accordion_style_2\" data-active=\"-1\"><div id=\"sc_accordion_item_1616512483377_10\" class=\"sc_accordion_item odd first\"><h5 class=\"sc_accordion_title\"><span class=\"first-letter-accordion\"><\/span><span class=\"sc_accordion_addtional\"><span class=\"sc_accordion_icon sc_accordion_icon_closed icon-plus\"><\/span><span class=\"sc_accordion_icon sc_accordion_icon_opened icon-minus\"><\/span>Preberan\u00e9 kapitoly z knihy Biblick\u00e9 z\u00e1klady<\/span><\/h5><div class=\"sc_accordion_content\">[vc_column_text][\/vc_column_text][vc_column_text]T\u00e1to lekcia rozober\u00e1 nasleduj\u00face kapitoly z knihy Biblick\u00e9 z\u00e1klady:<\/p>\n<ul>\n<li>5. kapitola \u2013 Modlitba (str. 42-49)<\/li>\n<\/ul>\n<p>[\/vc_column_text]<\/div><\/div><\/div>[vc_empty_space]<audio class=\"sc_audio sc_audio_type_\" src=\"\/wp-content\/uploads\/audio\/vbs_2023\/20231107_lekcia_07.mp3\" width=\"\" height=\"\" data-title=\"7. lekcia | 7.11.2023 | Kres\u0165ansk\u00e1 rodina\" data-author=\"Peter a Katka \u010cu\u0159\u00edkovci\"><\/audio><div class=\"sc_accordion sc_accordion_style_2\" data-active=\"-1\"><div id=\"sc_accordion_item_1616512483377_10\" class=\"sc_accordion_item odd first\"><h5 class=\"sc_accordion_title\"><span class=\"first-letter-accordion\"><\/span><span class=\"sc_accordion_addtional\"><span class=\"sc_accordion_icon sc_accordion_icon_closed icon-plus\"><\/span><span class=\"sc_accordion_icon sc_accordion_icon_opened icon-minus\"><\/span>Preberan\u00e9 kapitoly z knihy Biblick\u00e9 z\u00e1klady<\/span><\/h5><div class=\"sc_accordion_content\">[vc_column_text][\/vc_column_text][vc_column_text]<\/p>\n<div class=\"wpb_text_column wpb_content_element \">\n<div class=\"wpb_wrapper\">\n<p>T\u00e1to lekcia rozober\u00e1 nasleduj\u00face kapitoly z knihy Biblick\u00e9 z\u00e1klady:<\/p>\n<ul>\n<li>15. kapitola \u2013 Kres\u0165ansk\u00e1 rodina (str. 162-181)<\/li>\n<\/ul>\n<\/div>\n<\/div>\n<p>[\/vc_column_text]<\/div><\/div><\/div>[vc_empty_space]<audio class=\"sc_audio sc_audio_type_\" src=\"\/wp-content\/uploads\/audio\/vbs_2023\/20231114_lekcia_08.mp3\" width=\"\" height=\"\" data-title=\"8. lekcia | 14.11.2023 | Uzdravenie\" data-author=\"Oto Ill\u00e9\u0161\"><\/audio><div class=\"sc_accordion sc_accordion_style_2\" data-active=\"-1\"><div id=\"sc_accordion_item_1616512483377_10\" class=\"sc_accordion_item odd first\"><h5 class=\"sc_accordion_title\"><span class=\"first-letter-accordion\"><\/span><span class=\"sc_accordion_addtional\"><span class=\"sc_accordion_icon sc_accordion_icon_closed icon-plus\"><\/span><span class=\"sc_accordion_icon sc_accordion_icon_opened icon-minus\"><\/span>Preberan\u00e9 kapitoly z knihy Biblick\u00e9 z\u00e1klady<\/span><\/h5><div class=\"sc_accordion_content\">[vc_column_text][\/vc_column_text][vc_column_text]<\/p>\n<div class=\"wpb_text_column wpb_content_element \">\n<div class=\"wpb_wrapper\">\n<div class=\"wpb_text_column wpb_content_element \">\n<div class=\"wpb_wrapper\">\n<p>T\u00e1to lekcia rozober\u00e1 nasleduj\u00face kapitoly z knihy Biblick\u00e9 z\u00e1klady:<\/p>\n<ul>\n<li>11. kapitola \u2013 Uzdravenie (str. 106-117)<\/li>\n<\/ul>\n<\/div>\n<\/div>\n<\/div>\n<\/div>\n<p>[\/vc_column_text]<\/div><\/div><\/div>[vc_empty_space]<audio class=\"sc_audio sc_audio_type_\" src=\"\/wp-content\/uploads\/audio\/vbs_2023\/20231121_lekcia_09.mp3\" width=\"\" height=\"\" data-title=\"9. lekcia | 21.11.2023 | Vyslobodenie\" data-author=\"Oto Ill\u00e9\u0161\"><\/audio><div class=\"sc_accordion sc_accordion_style_2\" data-active=\"-1\"><div id=\"sc_accordion_item_1616512483377_10\" class=\"sc_accordion_item odd first\"><h5 class=\"sc_accordion_title\"><span class=\"first-letter-accordion\"><\/span><span class=\"sc_accordion_addtional\"><span class=\"sc_accordion_icon sc_accordion_icon_closed icon-plus\"><\/span><span class=\"sc_accordion_icon sc_accordion_icon_opened icon-minus\"><\/span>Preberan\u00e9 kapitoly z knihy Biblick\u00e9 z\u00e1klady<\/span><\/h5><div class=\"sc_accordion_content\">[vc_column_text][\/vc_column_text][vc_column_text]<\/p>\n<div class=\"wpb_text_column wpb_content_element \">\n<div class=\"wpb_wrapper\">\n<div class=\"wpb_text_column wpb_content_element \">\n<div class=\"wpb_wrapper\">\n<div class=\"wpb_text_column wpb_content_element \">\n<div class=\"wpb_wrapper\">\n<p>T\u00e1to lekcia rozober\u00e1 nasleduj\u00face kapitoly z knihy Biblick\u00e9 z\u00e1klady:<\/p>\n<ul>\n<li>12. kapitola \u2013 Vyslobodenie (str. 118-133)<\/li>\n<\/ul>\n<\/div>\n<\/div>\n<\/div>\n<\/div>\n<\/div>\n<\/div>\n<p>[\/vc_column_text]<\/div><\/div><\/div>[vc_empty_space]<audio class=\"sc_audio sc_audio_type_\" src=\"\/wp-content\/uploads\/audio\/vbs_2023\/20231128_lekcia_10.mp3\" width=\"\" height=\"\" data-title=\"10. lekcia | 28.11.2023 | Krst Duchom Sv\u00e4t\u00fdm a Jeho dary\" data-author=\"Peter \u010cu\u0159\u00edk a Andrej Rudolf\"><\/audio><div class=\"sc_accordion sc_accordion_style_2\" data-active=\"-1\"><div id=\"sc_accordion_item_1616512483377_10\" class=\"sc_accordion_item odd first\"><h5 class=\"sc_accordion_title\"><span class=\"first-letter-accordion\"><\/span><span class=\"sc_accordion_addtional\"><span class=\"sc_accordion_icon sc_accordion_icon_closed icon-plus\"><\/span><span class=\"sc_accordion_icon sc_accordion_icon_opened icon-minus\"><\/span>Preberan\u00e9 kapitoly z knihy Biblick\u00e9 z\u00e1klady<\/span><\/h5><div class=\"sc_accordion_content\">[vc_column_text][\/vc_column_text][vc_column_text]<\/p>\n<div class=\"wpb_text_column wpb_content_element \">\n<div class=\"wpb_wrapper\">\n<div class=\"wpb_text_column wpb_content_element \">\n<div class=\"wpb_wrapper\">\n<div class=\"wpb_text_column wpb_content_element \">\n<div class=\"wpb_wrapper\">\n<p>T\u00e1to lekcia rozober\u00e1 nasleduj\u00face kapitoly z knihy Biblick\u00e9 z\u00e1klady:<\/p>\n<ul>\n<li>9. kapitola \u2013 Krsty, skladanie r\u00fak (str. 79-92)<\/li>\n<\/ul>\n<\/div>\n<\/div>\n<\/div>\n<\/div>\n<\/div>\n<\/div>\n<p>[\/vc_column_text]<\/div><\/div><\/div>[vc_empty_space]<audio class=\"sc_audio sc_audio_type_\" src=\"\/wp-content\/uploads\/audio\/vbs_2023\/20231205_lekcia_11.mp3\" width=\"\" height=\"\" data-title=\"11. lekcia | 5.12.2023 | Cirkev \u017eiv\u00e9ho Boha a Izrael\" data-author=\"Peter \u010cu\u0159\u00edk\"><\/audio><div class=\"sc_accordion sc_accordion_style_2\" data-active=\"-1\"><div id=\"sc_accordion_item_1616512483377_10\" class=\"sc_accordion_item odd first\"><h5 class=\"sc_accordion_title\"><span class=\"first-letter-accordion\"><\/span><span class=\"sc_accordion_addtional\"><span class=\"sc_accordion_icon sc_accordion_icon_closed icon-plus\"><\/span><span class=\"sc_accordion_icon sc_accordion_icon_opened icon-minus\"><\/span>Preberan\u00e9 kapitoly z knihy Biblick\u00e9 z\u00e1klady<\/span><\/h5><div class=\"sc_accordion_content\">[vc_column_text][\/vc_column_text][vc_column_text]<\/p>\n<div class=\"wpb_text_column wpb_content_element \">\n<div class=\"wpb_wrapper\">\n<div class=\"wpb_text_column wpb_content_element \">\n<div class=\"wpb_wrapper\">\n<div class=\"wpb_text_column wpb_content_element \">\n<div class=\"wpb_wrapper\">\n<p>T\u00e1to lekcia rozober\u00e1 nasleduj\u00face kapitoly z knihy Biblick\u00e9 z\u00e1klady:<\/p>\n<ul>\n<li>13. kapitola \u2013 Cirkev (str. 133-142)<\/li>\n<\/ul>\n<\/div>\n<\/div>\n<\/div>\n<\/div>\n<\/div>\n<\/div>\n<p>[\/vc_column_text]<\/div><\/div><\/div>[vc_empty_space]<audio class=\"sc_audio sc_audio_type_\" src=\"\/wp-content\/uploads\/audio\/vbs_2023\/20240109_lekcia_12_1.mp3\" width=\"\" height=\"\" data-title=\"12. lekcia | 9.1.2024 | Evanjeliz\u00e1cia a misia - I.\" data-author=\"Mirka Mi\u0161kovicov\u00e1\"><\/audio>[vc_empty_space height=&#8221;5px&#8221;]<audio class=\"sc_audio sc_audio_type_\" src=\"\/wp-content\/uploads\/audio\/vbs_2023\/20240109_lekcia_12_2.mp3\" width=\"\" height=\"\" data-title=\"12. lekcia | 9.1.2024 | Evanjeliz\u00e1cia a misia - II.\" data-author=\"Beatka Singhofferov\u00e1\"><\/audio><div class=\"sc_accordion sc_accordion_style_2\" data-active=\"-1\"><div id=\"sc_accordion_item_1616512483377_10\" class=\"sc_accordion_item odd first\"><h5 class=\"sc_accordion_title\"><span class=\"first-letter-accordion\"><\/span><span class=\"sc_accordion_addtional\"><span class=\"sc_accordion_icon sc_accordion_icon_closed icon-plus\"><\/span><span class=\"sc_accordion_icon sc_accordion_icon_opened icon-minus\"><\/span>Preberan\u00e9 kapitoly z knihy Biblick\u00e9 z\u00e1klady<\/span><\/h5><div class=\"sc_accordion_content\">[vc_column_text][\/vc_column_text][vc_column_text]<\/p>\n<div class=\"wpb_text_column wpb_content_element \">\n<div class=\"wpb_wrapper\">\n<div class=\"wpb_text_column wpb_content_element \">\n<div class=\"wpb_wrapper\">\n<div class=\"wpb_text_column wpb_content_element \">\n<div class=\"wpb_wrapper\">T\u00e1to t\u00e9ma nebola v knihe, ktor\u00fa m\u00e1te.<\/div>\n<\/div>\n<\/div>\n<\/div>\n<\/div>\n<\/div>\n<p>[\/vc_column_text]<\/div><\/div><\/div>[vc_empty_space]<audio class=\"sc_audio sc_audio_type_\" src=\"\/wp-content\/uploads\/audio\/vbs_2023\/20240123_lekcia_13.mp3\" width=\"\" height=\"\" data-title=\"13. lekcia | 23.1.2024 | Srdce a postoj slu\u017eobn\u00edka\" data-author=\"Jarka Marcinekov\u00e1\"><\/audio><div class=\"sc_accordion sc_accordion_style_2\" data-active=\"-1\"><div id=\"sc_accordion_item_1616512483377_10\" class=\"sc_accordion_item odd first\"><h5 class=\"sc_accordion_title\"><span class=\"first-letter-accordion\"><\/span><span class=\"sc_accordion_addtional\"><span class=\"sc_accordion_icon sc_accordion_icon_closed icon-plus\"><\/span><span class=\"sc_accordion_icon sc_accordion_icon_opened icon-minus\"><\/span>Preberan\u00e9 kapitoly z knihy Biblick\u00e9 z\u00e1klady<\/span><\/h5><div class=\"sc_accordion_content\">[vc_column_text][\/vc_column_text][vc_column_text]<\/p>\n<div class=\"wpb_text_column wpb_content_element \">\n<div class=\"wpb_wrapper\">\n<div class=\"wpb_text_column wpb_content_element \">\n<div class=\"wpb_wrapper\">\n<div class=\"wpb_text_column wpb_content_element \">\n<div class=\"wpb_wrapper\">T\u00e1to t\u00e9ma nebola v knihe, ktor\u00fa m\u00e1te.<\/div>\n<\/div>\n<\/div>\n<\/div>\n<\/div>\n<\/div>\n<p>[\/vc_column_text]<\/div><\/div><\/div>[vc_empty_space]<audio class=\"sc_audio sc_audio_type_\" src=\"\/wp-content\/uploads\/audio\/vbs_2023\/20240130_lekcia_14.mp3\" width=\"\" height=\"\" data-title=\"14. lekcia | 30.1.2024 | Bo\u017e\u00ed poh\u013ead na peniaze\" data-author=\"Martin Barus\"><\/audio><div class=\"sc_accordion sc_accordion_style_2\" data-active=\"-1\"><div id=\"sc_accordion_item_1616512483377_10\" class=\"sc_accordion_item odd first\"><h5 class=\"sc_accordion_title\"><span class=\"first-letter-accordion\"><\/span><span class=\"sc_accordion_addtional\"><span class=\"sc_accordion_icon sc_accordion_icon_closed icon-plus\"><\/span><span class=\"sc_accordion_icon sc_accordion_icon_opened icon-minus\"><\/span>Preberan\u00e9 kapitoly z knihy Biblick\u00e9 z\u00e1klady<\/span><\/h5><div class=\"sc_accordion_content\">[vc_column_text][\/vc_column_text][vc_column_text]<\/p>\n<div class=\"wpb_text_column wpb_content_element \">\n<div class=\"wpb_wrapper\">\n<div class=\"wpb_text_column wpb_content_element \">\n<div class=\"wpb_wrapper\">\n<div class=\"wpb_text_column wpb_content_element \">\n<div class=\"wpb_wrapper\">\n<p>T\u00e1to lekcia rozober\u00e1 nasleduj\u00face kapitoly z knihy Biblick\u00e9 z\u00e1klady:<\/p>\n<ul>\n<li>14. kapitola \u2013 Bo\u017e\u00ed poh\u013ead na peniaze (str. 143-161)<\/li>\n<\/ul>\n<p><a href=\"https:\/\/www.slovozivota.sk\/wp-content\/uploads\/audio\/bs_2021_online\/BibSkoPeniaze.pdf\" target=\"_blank\" rel=\"noopener\">Prezent\u00e1cia v pdf<\/a><\/p>\n<\/div>\n<\/div>\n<\/div>\n<\/div>\n<\/div>\n<\/div>\n<p>[\/vc_column_text]<\/div><\/div><\/div>[\/vc_column][vc_column width=&#8221;1\/2&#8243;][vc_column_text]V\u00edzia rodiny cirkv\u00ed Slovo \u017eivota: <em>\u201eVybavte veriacich slovami viery, uk\u00e1\u017ete im duchovn\u00e9 zbrane, ktor\u00e9 maj\u00fa, nau\u010dte ich ako ich pou\u017e\u00edva\u0165 a po\u0161lite ich do v\u00ed\u0165azn\u00e9ho boja pre P\u00e1na!\u201c<\/em><\/p>\n<p>Chceme: <em>\u201eVybudova\u0165 vybudovan\u00ed a vytr\u00e9nova\u0165 veriacich, aby zasiahli a zmenili svet!\u201c<\/em><\/p>\n<p>Biblick\u00e1 \u0161kola bude trva\u0165 4 mesiace, <strong>za\u010d\u00edname v UTOROK 27.9.2023 a kon\u010d\u00edme 30.1.2024. Biblick\u00e1 \u0161kola bude ka\u017ed\u00fd utorok od 18:45 do 20:30<\/strong>. Po chv\u00e1lach a modlitbe bud\u00fa v\u017edy 2 lekcie.<\/p>\n<p><strong>Lekcie, ktor\u00fdch sa osobne nem\u00f4\u017eete z\u00fa\u010dastni\u0165, si treba vypo\u010du\u0165<\/strong> do najbli\u017e\u0161ieho testu. Aby ste na\u0161u biblick\u00fa \u0161kolu mohli absolvova\u0165, m\u00f4\u017eete ch\u00fdba\u0165 maxim\u00e1lne 4 kr\u00e1t.<\/p>\n<p><strong>Dvakr\u00e1t budeme p\u00edsa\u0165 jednoduch\u00e9 testy.<\/strong> Ur\u010dite ich zvl\u00e1dnete, chceme v\u00e1m pom\u00f4c\u0165, aby ste si Bo\u017eie slovo zamilovali a stali sa \u201ezru\u010dn\u00fdmi v slove spravodlivosti\u201c (\u017did 5:13).<\/p>\n<p><strong>U\u010dite\u013emi<\/strong> bud\u00fa na\u0161i pastori a slu\u017eobn\u00edci zboru. Prizvem aj nieko\u013eko host\u00ed.<\/p>\n<p><strong>Pri vyu\u010dovan\u00ed si robte pozn\u00e1mky a pou\u017e\u00edvajte <em>Bibliu<\/em> a knihu <a href=\"https:\/\/eshop.slovozivota.sk\/product\/biblicke-zaklady-revidovane-vydanie\" target=\"_blank\" rel=\"noopener\"><em>Biblick\u00e9 z\u00e1klady<\/em><\/a><\/strong> <a href=\"https:\/\/eshop.slovozivota.sk\/product\/biblicke-zaklady-revidovane-vydanie\" target=\"_blank\" rel=\"noopener\">(nov\u00e9 revidovan\u00e9 vydanie z r.2017<\/a>). Ak knihu nem\u00e1te, povinnos\u0165ou \u0161tudenta je zak\u00fapi\u0165 si ju. Druh\u00e1 kniha, z ktorej budeme \u010derpa\u0165, je <a href=\"https:\/\/eshop.slovozivota.sk\/product\/lidrami-sa-nerodime-ale-stavame\" target=\"_blank\" rel=\"noopener\"><em>L\u00eddrami sa nerod\u00edme, ale st\u00e1vame<\/em><\/a>. T\u00fato knihu vrelo odpor\u00fa\u010dame, ale nie je podmienkou \u0161t\u00fadia.[\/vc_column_text][vc_empty_space][vc_column_text]<\/p>\n<h3><strong>Program:<\/strong><\/h3>\n<div class=\"wpb_text_column wpb_content_element \">\n<div class=\"wpb_wrapper\">\n<ol>\n<li>lekcia: 26.09. (utorok) <strong>\u00davod + Boh a Jeho charakter<\/strong> | Peter \u010cu\u0159\u00edk<\/li>\n<li>lekcia: 03.10. (utorok) <strong>\u017div\u00e1 viera<\/strong> | Martin Hun\u010d\u00e1r<\/li>\n<li>lekcia: 10.10. (utorok) <strong>Autorita veriaceho<\/strong> | Tom\u00e1\u0161 \u0160imko<\/li>\n<li>lekcia: 17.10. (utorok) <strong>Posledn\u00e9 \u010dasy, zm\u0155tvychvstanie, s\u00fady<\/strong> | Peter \u010cu\u0159\u00edk<\/li>\n<li>lekcia: 24.10. (utorok) <strong>Autorita Biblie a moc Bo\u017eieho slova <\/strong>| Martin Hun\u010d\u00e1r<\/li>\n<li>lekcia: 31.10. (utorok) <strong>Ako rozv\u00edja\u0165 modlitebn\u00fd \u017eivot?<\/strong> | Katka \u010cu\u0159\u00edkov\u00e1<\/li>\n<li>lekcia: 07.11. (utorok) <strong>Kres\u0165ansk\u00e1 rodina<\/strong> | Peter a Katka \u010cu\u0159\u00edkovci<br \/>\nTest \u010d. 1<\/li>\n<li>lekcia: 14.11. (utorok) <strong>Uzdravenie<\/strong> | Oto Ill\u00e9\u0161<\/li>\n<li>lekcia: 21.11. (utorok) <strong>Vyslobodenie<\/strong> | Oto Ill\u00e9\u0161<\/li>\n<li>lekcia: 28.11. (utorok) <strong>Krst Duchom Sv\u00e4t\u00fdm a Jeho dary<\/strong> | Peter \u010cu\u0159\u00edk a Andrej Rudolf<\/li>\n<li>lekcia: 05.12. (utorok)\u00a0<strong>Cirkev \u017eiv\u00e9ho Boha a Izrael<\/strong> | Peter \u010cu\u0159\u00edk<br \/>\nViano\u010dn\u00e9 obdobie<\/li>\n<li>lekcia: 09.01.24 (utorok) <strong>Evanjeliz\u00e1cia a misia<\/strong> | Mirka Mi\u0161kovicov\u00e1 a Beatka Singhofferov\u00e1<\/li>\n<li>lekcia: 23.01.24 (utorok) <strong>Postoj a srdce slu\u017eobn\u00edka<\/strong> | Jarka Marcinekov\u00e1<br \/>\nTest \u010d. 2<\/li>\n<li>lekcia: 30.1.24 (utorok) <strong>Bo\u017e\u00ed poh\u013ead na peniaze<\/strong> | Martin Barus<\/li>\n<li>lekcia: 6.02.24 (utorok) <strong>Z\u00e1vere\u010dn\u00e1 lekcia<\/strong> | Martin Hun\u010d\u00e1r, Katka \u010cu\u0159\u00edkov\u00e1 a l\u00eddri s modlitbou za \u0161tudentov<\/li>\n<\/ol>\n<\/div>\n<\/div>\n<p>[\/vc_column_text][\/vc_column][\/vc_row]<\/p>\n","protected":false},"excerpt":{"rendered":"<p>[vc_row][vc_column][vc_column_text] Ve\u010dern\u00e1 biblick\u00e1 \u0161kola 2023 [\/vc_column_text][vc_empty_space][\/vc_column][\/vc_row][vc_row][vc_column width=&#8221;1\/2&#8243;][vc_single_image image=&#8221;10901&#8243; img_size=&#8221;full&#8221;][vc_empty_space][vc_column_text]Drah\u00ed \u0161tudenti, na tejto str\u00e1nke budeme postupne zverej\u0148ova\u0165 audio nahr\u00e1vky a v\u0161etky potrebn\u00e9 inform\u00e1cie k jednotliv\u00fdm lekci\u00e1m.[\/vc_column_text][vc_empty_space][vc_empty_space][vc_empty_space][vc_empty_space][vc_empty_space][vc_empty_space][vc_empty_space][vc_empty_space][vc_empty_space][vc_empty_space][vc_empty_space][vc_empty_space][vc_empty_space height=&#8221;5px&#8221;][vc_empty_space][vc_empty_space][\/vc_column][vc_column width=&#8221;1\/2&#8243;][vc_column_text]V\u00edzia rodiny cirkv\u00ed Slovo [&hellip;]<\/p>\n","protected":false},"author":109,"featured_media":0,"parent":0,"menu_order":0,"comment_status":"closed","ping_status":"closed","template":"","meta":{"episode_type":"","audio_file":"","cover_image":"","cover_image_id":"","duration":"","filesize":"","date_recorded":"","explicit":"","block":"","filesize_raw":"","footnotes":""},"class_list":["post-11002","page","type-page","status-publish","hentry"],"_links":{"self":[{"href":"https:\/\/www.slovozivota.sk\/ru-ru\/wp-json\/wp\/v2\/pages\/11002","targetHints":{"allow":["GET"]}}],"collection":[{"href":"https:\/\/www.slovozivota.sk\/ru-ru\/wp-json\/wp\/v2\/pages"}],"about":[{"href":"https:\/\/www.slovozivota.sk\/ru-ru\/wp-json\/wp\/v2\/types\/page"}],"author":[{"embeddable":true,"href":"https:\/\/www.slovozivota.sk\/ru-ru\/wp-json\/wp\/v2\/users\/109"}],"replies":[{"embeddable":true,"href":"https:\/\/www.slovozivota.sk\/ru-ru\/wp-json\/wp\/v2\/comments?post=11002"}],"version-history":[{"count":39,"href":"https:\/\/www.slovozivota.sk\/ru-ru\/wp-json\/wp\/v2\/pages\/11002\/revisions"}],"predecessor-version":[{"id":11645,"href":"https:\/\/www.slovozivota.sk\/ru-ru\/wp-json\/wp\/v2\/pages\/11002\/revisions\/11645"}],"wp:attachment":[{"href":"https:\/\/www.slovozivota.sk\/ru-ru\/wp-json\/wp\/v2\/media?parent=11002"}],"curies":[{"name":"wp","href":"https:\/\/api.w.org\/{rel}","templated":true}]}}