{"id":8800,"date":"2021-07-28T21:15:53","date_gmt":"2021-07-28T19:15:53","guid":{"rendered":"https:\/\/www.slovozivota.sk\/?page_id=8800"},"modified":"2021-08-09T23:15:59","modified_gmt":"2021-08-09T21:15:59","slug":"europska-konferencia-2021","status":"publish","type":"page","link":"https:\/\/www.slovozivota.sk\/ru-ru\/europska-konferencia-2021\/","title":{"rendered":"Eur\u00f3pska konferencia 2021"},"content":{"rendered":"<p>[vc_row][vc_column]<h1 class=\"sc_title sc_title_regular\">Eur\u00f3pska konferencia 2021<\/h1>[\/vc_column][\/vc_row][vc_row][vc_column][vc_column_text]<img decoding=\"async\" class=\"aligncenter wp-image-8777 size-full\" src=\"https:\/\/www.slovozivota.sk\/wp-content\/uploads\/2021\/07\/banner_konferencia_uppsala_2021_casopis.png\" alt=\"\" width=\"2361\" height=\"1060\" srcset=\"https:\/\/www.slovozivota.sk\/wp-content\/uploads\/2021\/07\/banner_konferencia_uppsala_2021_casopis.png 2361w, https:\/\/www.slovozivota.sk\/wp-content\/uploads\/2021\/07\/banner_konferencia_uppsala_2021_casopis-300x135.png 300w, https:\/\/www.slovozivota.sk\/wp-content\/uploads\/2021\/07\/banner_konferencia_uppsala_2021_casopis-1024x460.png 1024w, https:\/\/www.slovozivota.sk\/wp-content\/uploads\/2021\/07\/banner_konferencia_uppsala_2021_casopis-768x345.png 768w, https:\/\/www.slovozivota.sk\/wp-content\/uploads\/2021\/07\/banner_konferencia_uppsala_2021_casopis-1536x690.png 1536w, https:\/\/www.slovozivota.sk\/wp-content\/uploads\/2021\/07\/banner_konferencia_uppsala_2021_casopis-2048x919.png 2048w, https:\/\/www.slovozivota.sk\/wp-content\/uploads\/2021\/07\/banner_konferencia_uppsala_2021_casopis-600x269.png 600w, https:\/\/www.slovozivota.sk\/wp-content\/uploads\/2021\/07\/banner_konferencia_uppsala_2021_casopis-1170x525.png 1170w, https:\/\/www.slovozivota.sk\/wp-content\/uploads\/2021\/07\/banner_konferencia_uppsala_2021_casopis-870x391.png 870w, https:\/\/www.slovozivota.sk\/wp-content\/uploads\/2021\/07\/banner_konferencia_uppsala_2021_casopis-390x175.png 390w\" sizes=\"(max-width: 2361px) 100vw, 2361px\" \/><\/p>\n<p>Sledujte online Eur\u00f3psku konferenciu ktor\u00fa usporiadala cirkev Slovo \u017eivota v Uppsale. Re\u010dn\u00edkmi konferencie bud\u00fa Tommy Barnet (USA), Lisa Harper (USA), Craig Groeshel (USA), Joakim Lundqvist (SE) a \u010fal\u0161\u00ed.<\/p>\n<p>Jednotliv\u00e9 pr\u00edhovory si budete m\u00f4c\u0165 pozrie\u0165 aj <strong>s \u010desk\u00fdm dabingom<\/strong>.<\/p>\n<p>Podrobnej\u0161ie inform\u00e1cie o konferencii n\u00e1jdete <a href=\"https:\/\/europakonferensen.livetsord.se\/en\/\" target=\"_blank\" rel=\"noopener\">na str\u00e1nke usporiadate\u013ea.<\/a><\/p>\n<h2><a href=\"https:\/\/www.youtube.com\/user\/livetsordplay\" target=\"_blank\" rel=\"noopener\">Live vysielanie<\/a>:<\/h2>\n<ul>\n<li><a href=\"https:\/\/livetsord.online.church\/\" target=\"_blank\" rel=\"noopener\">hlavn\u00e1 str\u00e1nka, pravdepodobne hlavne <strong>vo \u0161v\u00e9d\u010dine<\/strong> <\/a><\/li>\n<li><a href=\"https:\/\/www.youtube.com\/playlist?list=PLB8MUtLX4ClxXVvuK9sS49GfhOitVKkzv\" target=\"_blank\" rel=\"noopener\">rann\u00e9 a ve\u010dern\u00e9 stretnutia <strong>v angli\u010dtine<\/strong><\/a><\/li>\n<li><a href=\"https:\/\/www.youtube.com\/playlist?list=PLB8MUtLX4ClyNnlj-BsQVH8ONNNl-9M-O\" target=\"_blank\" rel=\"noopener\">rann\u00e9 a ve\u010dern\u00e9 stretnutia <strong>v \u010de\u0161tine<\/strong><\/a><\/li>\n<li><a href=\"https:\/\/www.youtube.com\/playlist?list=PLB8MUtLX4ClxxByBST8XZpR9q2EbLA1Kb\" target=\"_blank\" rel=\"noopener\">\u0443\u0442\u0440\u0435\u043d\u043d\u0438\u0435 \u0438 \u0432\u0435\u0447\u0435\u0440\u043d\u0438\u0435 \u0441\u043e\u0431\u0440\u0430\u043d\u0438\u044f <strong><span class=\"VIiyi\" lang=\"ru\"><span class=\"JLqJ4b ChMk0b\" data-language-for-alternatives=\"ru\" data-language-to-translate-into=\"sk\" data-phrase-index=\"0\">\u043d\u0430 \u0440\u0443\u0441\u0441\u043a\u043e\u043c \u044f\u0437\u044b\u043a\u0435<\/span><\/span><\/strong><\/a><\/li>\n<li>Highlights bud\u00fa iba vo \u0161v\u00e9d\u010dine a angli\u010dtine<\/li>\n<li>ZOOM stretnutia bud\u00fa iba vo \u0161v\u00e9d\u010dine<\/li>\n<li><a href=\"https:\/\/europakonferensen.livetsord.se\/en\/information\/\" target=\"_blank\" rel=\"noopener\">\u010fal\u0161ie inform\u00e1cie<\/a><\/li>\n<\/ul>\n<p>[\/vc_column_text][vc_empty_space][\/vc_column][\/vc_row][vc_row][vc_column][vc_tta_tabs][vc_tta_section title=&#8221;Program&#8221; tab_id=&#8221;program&#8221;][vc_row_inner][vc_column_inner width=&#8221;1\/4&#8243;][vc_column_text]<\/p>\n<h3>\u0160tvrtok 29.7.<\/h3>\n<p>19:00 <a href=\"https:\/\/www.youtube.com\/watch?v=ybUr62kS6xA&#038;list=PLB8MUtLX4ClyNnlj-BsQVH8ONNNl-9M-O&#038;index=2\" target=\"_blank\" rel=\"noopener\"><strong>Tommy Barnett<\/strong><\/a><\/p>\n<p>Po skon\u010den\u00ed bude <strong>EC studio<\/strong> (modlitby a pr\u00edhovory v angli\u010dtine)[\/vc_column_text][\/vc_column_inner][vc_column_inner width=&#8221;1\/4&#8243;][vc_column_text]<\/p>\n<h3>Piatok 30.7.<\/h3>\n<p>9:00 <a href=\"https:\/\/www.youtube.com\/watch?v=jGwhFzsswto&#038;list=PLB8MUtLX4ClyNnlj-BsQVH8ONNNl-9M-O&#038;index=3\" target=\"_blank\" rel=\"noopener\"><strong>Roselen Boerner Faccio<\/strong><\/a> (\u010desk\u00fd dabing)<\/p>\n<p>Po skon\u010den\u00ed bude <strong>EC studio<\/strong> (modlitby a pr\u00edhovory v angli\u010dtine)<\/p>\n<p>12:00 <a href=\"https:\/\/www.youtube.com\/watch?v=kPZN0QxFKKY&#038;pp=sAQA\" target=\"_blank\" rel=\"noopener\"><strong>Highlight: Israel<\/strong><\/a> (anglicky)<\/p>\n<p>19:00 <a href=\"https:\/\/www.youtube.com\/watch?v=Kya6v_mRzTo&#038;list=PLB8MUtLX4ClyNnlj-BsQVH8ONNNl-9M-O&#038;index=4\" target=\"_blank\" rel=\"noopener\"><strong>Craig Groeschel<\/strong><\/a> (\u010desk\u00fd dabing)<\/p>\n<p>Po skon\u010den\u00ed bude <strong>EC studio<\/strong> (modlitby a pr\u00edhovory v angli\u010dtine)[\/vc_column_text][\/vc_column_inner][vc_column_inner width=&#8221;1\/4&#8243;][vc_column_text]<\/p>\n<h3>Sobota 31.7.<\/h3>\n<p>9:00\u00a0<a href=\"https:\/\/www.youtube.com\/watch?v=qRYWpmgntdc&#038;list=PLB8MUtLX4ClyNnlj-BsQVH8ONNNl-9M-O&#038;index=5\" target=\"_blank\" rel=\"noopener\"><strong>Hans Weichbrodt<\/strong><\/a> (\u010desk\u00fd dabing)<\/p>\n<p>Po skon\u010den\u00ed bude <strong>EC studio<\/strong> (modlitby a pr\u00edhovory v angli\u010dtine)<\/p>\n<p>12:00 <a href=\"https:\/\/www.youtube.com\/watch?v=tPSheM5sHJk&#038;list=PLB8MUtLX4ClxXVvuK9sS49GfhOitVKkzv&#038;index=6\" target=\"_blank\" rel=\"noopener\"><strong>Highlight: Leadership<\/strong><\/a> (anglicky)<\/p>\n<p>19:00 <a href=\"https:\/\/www.youtube.com\/watch?v=ZbB5tbRLp3g&#038;list=PLB8MUtLX4ClyNnlj-BsQVH8ONNNl-9M-O&#038;index=7\" target=\"_blank\" rel=\"noopener\"><strong>Lisa Harper<\/strong><\/a> (\u010desk\u00fd dabing)<\/p>\n<p>Po skon\u010den\u00ed bude <strong>EC studio<\/strong> (modlitby a pr\u00edhovory v angli\u010dtine)[\/vc_column_text][\/vc_column_inner][vc_column_inner width=&#8221;1\/4&#8243;][vc_column_text]<\/p>\n<h3>Nede\u013ea 1.8.<\/h3>\n<p>9:00 <a href=\"https:\/\/www.youtube.com\/watch?v=iQN-madDNKQ&#038;list=PLB8MUtLX4ClyNnlj-BsQVH8ONNNl-9M-O&#038;index=8\" target=\"_blank\" rel=\"noopener\"><strong>Mats Ola Ishoel<\/strong><\/a> (\u010desk\u00fd dabing)<\/p>\n<p>Po skon\u010den\u00ed bude <strong>EC studio<\/strong> (modlitby a pr\u00edhovory v angli\u010dtine)<\/p>\n<p>12:00 <a href=\"https:\/\/www.youtube.com\/watch?v=2kZ2tB-BHwA&#038;list=PLB8MUtLX4ClxXVvuK9sS49GfhOitVKkzv&#038;index=9\" target=\"_blank\" rel=\"noopener\"><strong>Highlight: Missions<\/strong><\/a> (anglicky)<\/p>\n<p>19:00\u00a0<a href=\"https:\/\/www.youtube.com\/watch?v=cSOytc9Wbew&#038;list=PLB8MUtLX4ClyNnlj-BsQVH8ONNNl-9M-O&#038;index=9\" target=\"_blank\" rel=\"noopener\"><strong>Joakim Lundqvist<\/strong><\/a> (\u010desk\u00fd dabing)<\/p>\n<p>Po skon\u010den\u00ed bude <strong>EC studio<\/strong> (modlitby a pr\u00edhovory v angli\u010dtine)[\/vc_column_text][\/vc_column_inner][\/vc_row_inner][\/vc_tta_section][vc_tta_section title=&#8221;Re\u010dn\u00edci&#8221; tab_id=&#8221;recnici&#8221;][vc_row_inner][vc_column_inner width=&#8221;1\/3&#8243;][vc_single_image image=&#8221;8801&#8243; img_size=&#8221;full&#8221;][vc_column_text css=&#8221;.vc_custom_1627500207324{padding-top: 5px !important;padding-right: 20px !important;padding-bottom: 30px !important;padding-left: 20px !important;background-color: #efefef !important;}&#8221;]<\/p>\n<h2>Tommy Barnett (US)<\/h2>\n<p>Tommy Barnett je pastorom cirkvi Dream City Church vo Phoenixe, v Arizone. Kongreg\u00e1cia m\u00e1 okolo 10 000 \u010dlenov. Je taktie\u017e zakladate\u013eom a spolupastrom cirkvi Dream Center v Los Angeles, ktor\u00fd je zn\u00e1my pre svoje ve\u013ek\u00e9 spolo\u010densk\u00e9 nasadenie pre t\u00fdch najzranite\u013enej\u0161\u00edch v spolo\u010dnosti.[\/vc_column_text][\/vc_column_inner][vc_column_inner width=&#8221;1\/3&#8243;][vc_single_image image=&#8221;8805&#8243; img_size=&#8221;full&#8221;][vc_column_text css=&#8221;.vc_custom_1627500306076{padding-top: 5px !important;padding-right: 20px !important;padding-bottom: 30px !important;padding-left: 20px !important;background-color: #efefef !important;}&#8221;]<\/p>\n<h2>Lisa Harper (US)<\/h2>\n<p>Lisa je uzn\u00e1van\u00e1 re\u010dn\u00ed\u010dka a u\u010dite\u013eka Biblie, fenomen\u00e1lna pri objas\u0148ovan\u00ed ka\u017edodenn\u00fdch praktick\u00fdch aplik\u00e1ci\u00ed ve\u010dn\u00fdch biblick\u00fdch pr\u00e1vd. Po mnoho rokov viedla pr\u00e1cu \u017eien pre agent\u00faru Focus on the Family a usporad\u00fava konferenciu, ktor\u00e1 zdru\u017euje viac ako 200 000 \u00fa\u010dastn\u00edkov. Je tie\u017e autorkou 12 kn\u00edh.[\/vc_column_text][\/vc_column_inner][vc_column_inner width=&#8221;1\/3&#8243;][vc_single_image image=&#8221;8837&#8243; img_size=&#8221;full&#8221;][vc_column_text css=&#8221;.vc_custom_1627558166947{padding-top: 5px !important;padding-right: 20px !important;padding-bottom: 30px !important;padding-left: 20px !important;background-color: #efefef !important;}&#8221;]<\/p>\n<h2>Joakim Lundqvist (SE)<\/h2>\n<p>Joakim je hlavn\u00fdm pastorom Livets Ord v Uppsale a ve\u013emi ob\u013e\u00faben\u00fdm re\u010dn\u00edkom konferencie. Jeho kreat\u00edvne a v\u00e1\u0161niv\u00e9 k\u00e1zne dlho zost\u00e1vaj\u00fa mysliach a srdciach \u013eud\u00ed, in\u0161piruj\u00fa \u017ei\u0165 \u017eivotn\u00fd \u0161t\u00fdl zameran\u00fd na Je\u017ei\u0161a.[\/vc_column_text][\/vc_column_inner][\/vc_row_inner][vc_empty_space][vc_row_inner][vc_column_inner width=&#8221;1\/3&#8243;][vc_single_image image=&#8221;8842&#8243; img_size=&#8221;full&#8221;][vc_column_text css=&#8221;.vc_custom_1627558695633{padding-top: 5px !important;padding-right: 20px !important;padding-bottom: 30px !important;padding-left: 20px !important;background-color: #efefef !important;}&#8221;]<\/p>\n<h2>Craig Groeschel (US)<\/h2>\n<p>Craig Groeschel je pastor a zakladate\u013e zborov Life.Church, najv\u00e4\u010d\u0161ej kongreg\u00e1cie v USA s 35 are\u00e1lmi a viac ako 100 000 \u010dlenmi. Vedie tie\u017e summit Global Leadership Summit, ktor\u00fd ka\u017edoro\u010dne vystrojuje l\u00eddrov na viac ako 1 500 miestach v 124 krajin\u00e1ch. Podcast pastora Craiga o veden\u00ed je ve\u013emi ob\u013e\u00faben\u00fd a m\u00e1 viac ako 1 mili\u00f3n stiahnut\u00ed za mesiac.[\/vc_column_text][\/vc_column_inner][vc_column_inner width=&#8221;1\/3&#8243;][vc_single_image image=&#8221;8844&#8243; img_size=&#8221;full&#8221;][vc_column_text css=&#8221;.vc_custom_1627559075545{padding-top: 5px !important;padding-right: 20px !important;padding-bottom: 30px !important;padding-left: 20px !important;background-color: #efefef !important;}&#8221;]<\/p>\n<h2>Roselen B. Faccio (IT)<\/h2>\n<p>Roselen sa narodila v Braz\u00edlii a vo veku 13 rokov mala siln\u00fa sk\u00fasenos\u0165 s Bohom, \u010do ju viedlo k tomu, aby sa s ka\u017ed\u00fdm, koho stretla, podelila o evanjelium. Ako 19-ro\u010dn\u00e1 sa pres\u0165ahovala do Talianska, kde sa stala mn\u00ed\u0161kou. Po nieko\u013ek\u00fdch rokoch biblick\u00e9ho \u0161t\u00fadia sa stala protestantkou a teraz je nad\u0161en\u00e1 z toho, \u017ee v Eur\u00f3pe vyrast\u00e1 mlad\u00e1 gener\u00e1cia veriacich. Ako 25 -ro\u010dn\u00e1 zalo\u017eila Sabaoth Church, ktor\u00fd je najv\u00e4\u010d\u0161\u00edm mil\u00e1nskym zborom a pozost\u00e1va hlavne z mlad\u00fdch \u013eud\u00ed. Ako pastorka videla, ako sa zbor rozr\u00e1stol na hnutie s 54 zbormi a dom\u00e1cimi skupinami, ktor\u00e9 zhroma\u017e\u010fuj\u00fa viac ako 10 000 \u013eud\u00ed.[\/vc_column_text][\/vc_column_inner][vc_column_inner width=&#8221;1\/3&#8243;][vc_single_image image=&#8221;8845&#8243; img_size=&#8221;full&#8221;][vc_column_text css=&#8221;.vc_custom_1627559337340{padding-top: 5px !important;padding-right: 20px !important;padding-bottom: 30px !important;padding-left: 20px !important;background-color: #efefef !important;}&#8221;]<\/p>\n<h2>Hans Weichbrodt (SE)<\/h2>\n<p>Hans Weichbrodt je k\u0148az v cirkvi Church of Sweden a in\u0161pir\u00e1tor v r\u00e1mci hnutia OAS, charizmatick\u00e9ho hnutia obnovy v Church of Sweden. So skuto\u010dn\u00fdm nasaden\u00edm a ve\u013ek\u00fdm srdcom pre obnovu a obnovu vo \u0160v\u00e9dsku k\u00e1\u017ee aj to, \u010do v\u00e1s vyzve, ale aj to, \u010do v\u00e1s povzbud\u00ed.[\/vc_column_text][\/vc_column_inner][\/vc_row_inner][\/vc_tta_section][vc_tta_section title=&#8221;Umelci&#8221; tab_id=&#8221;umelci&#8221;][vc_row_inner][vc_column_inner width=&#8221;1\/3&#8243;][vc_single_image image=&#8221;8847&#8243; img_size=&#8221;full&#8221;][vc_column_text css=&#8221;.vc_custom_1627559671849{padding-top: 5px !important;padding-right: 20px !important;padding-bottom: 30px !important;padding-left: 20px !important;background-color: #efefef !important;}&#8221;]<\/p>\n<h2>Samuel Ljungblahd (SE)<\/h2>\n<p>Samuel Ljungblahd, etablovan\u00fd zab\u00e1va\u010d, ktor\u00fd urobil dojem na dom\u00e1cu p\u00f4du evanjelia \u201eover there\u201c (klip na YouTube). Ale m\u00e1 za sebou aj \u00faspe\u0161n\u00e9 predstavenia v \u201eS\u00e5 ska det l\u00e5ta\u201c a nezabudnute\u013en\u00e9 duety s Lisou Nilsson a Sarah Dawn Finer. Ako akt\u00edvny \u010dlen Arm\u00e1dy sp\u00e1sy miluje vyvy\u0161ova\u0165 Je\u017ei\u0161a v piesni a hudbe.[\/vc_column_text][\/vc_column_inner][vc_column_inner width=&#8221;1\/3&#8243;][vc_single_image image=&#8221;8848&#8243; img_size=&#8221;full&#8221;][vc_column_text css=&#8221;.vc_custom_1627559961078{padding-top: 5px !important;padding-right: 20px !important;padding-bottom: 30px !important;padding-left: 20px !important;background-color: #efefef !important;}&#8221;]<\/p>\n<h2>Joonatan &#038; Therese Savolainen (SE)<\/h2>\n<p>Dvojica uctieva\u010dov a man\u017eelsk\u00fd p\u00e1r Joonatan &#038; Therese Savolainen spolu spievaj\u00fa od roku 2009 a obaja maj\u00fa dlhoro\u010dn\u00e9 sk\u00fasenosti s akt\u00edvnym zapojen\u00edm sa v r\u00f4znych form\u00e1ch uctievania. P\u00ed\u0161u spolu u\u017e nieko\u013eko rokov a v roku 2021 vydali prv\u00fd singel s n\u00e1zvom \u201eM\u00e1rnotratn\u00fd syn\u201c. Ved\u00fa chv\u00e1ly pre ml\u00e1de\u017e v zbore Livets Ord.[\/vc_column_text][\/vc_column_inner][vc_column_inner width=&#8221;1\/3&#8243;][\/vc_column_inner][\/vc_row_inner][\/vc_tta_section][vc_tta_section title=&#8221;D\u00f4le\u017eit\u00e9 inform\u00e1cie&#8221; tab_id=&#8221;info&#8221;][vc_column_text]<\/p>\n<h2>EC studio:<\/h2>\n<p>Je tu priestor aj pre t\u00fdch, ktor\u00ed chc\u00fa individu\u00e1lne poradenstvo, pr\u00edhovor alebo potrebuj\u00fa uzdravenie. Po\u010das ka\u017ed\u00e9ho stretnutia na Youtube m\u00f4\u017eete do chatu p\u00edsa\u0165 svoje modlitebn\u00e9 prosby a \u010fakovania, k dispoz\u00edcii bude tie\u017e &#8220;chatovac\u00ed pastor&#8221;.<\/p>\n<p>Sme radi, \u017ee m\u00f4\u017eeme s vami st\u00e1\u0165 v modlitbe za va\u0161e modlitebn\u00e9 \u017eiadosti, a z\u00e1rove\u0148 sa s vami chceme radova\u0165 z toho, \u010do Boh urobil. Modlitby a v\u010fakyvzdania m\u00f4\u017eete odosiela\u0165 na adresu prayer@wordoflife.se.<\/p>\n<p>Po ka\u017edom ve\u010dernom stretnut\u00ed tohtoro\u010dnej eur\u00f3pskej konferencie bude prebieha\u0165 na\u017eivo EC studio v Angli\u010dtine, v ktorom sa budeme modli\u0165 za predlo\u017een\u00e9 modlitby a \u010fakova\u0165 Bohu za to, \u010do v t\u00fdchto d\u0148och urobil v \u017eivote \u013eud\u00ed.<\/p>\n<p>&nbsp;<\/p>\n<h2>ZOOM stretnutia:<\/h2>\n<p>Po\u010das konferencie bud\u00fa aj r\u00f4zne ZOOM stretnutia, ale bud\u00fa v\u00fdhradne vo \u0161v\u00e9d\u010dine.[\/vc_column_text][\/vc_tta_section][\/vc_tta_tabs][\/vc_column][\/vc_row]<\/p>\n","protected":false},"excerpt":{"rendered":"<p>[vc_row][vc_column][\/vc_column][\/vc_row][vc_row][vc_column][vc_column_text] Sledujte online Eur\u00f3psku konferenciu ktor\u00fa usporiadala cirkev Slovo \u017eivota v Uppsale. Re\u010dn\u00edkmi konferencie bud\u00fa Tommy Barnet (USA), Lisa Harper (USA), Craig Groeshel (USA), Joakim Lundqvist (SE) a \u010fal\u0161\u00ed. Jednotliv\u00e9 [&hellip;]<\/p>\n","protected":false},"author":109,"featured_media":0,"parent":0,"menu_order":0,"comment_status":"closed","ping_status":"closed","template":"","meta":{"episode_type":"","audio_file":"","cover_image":"","cover_image_id":"","duration":"","filesize":"","date_recorded":"","explicit":"","block":"","filesize_raw":"","footnotes":""},"class_list":["post-8800","page","type-page","status-publish","hentry"],"_links":{"self":[{"href":"https:\/\/www.slovozivota.sk\/ru-ru\/wp-json\/wp\/v2\/pages\/8800","targetHints":{"allow":["GET"]}}],"collection":[{"href":"https:\/\/www.slovozivota.sk\/ru-ru\/wp-json\/wp\/v2\/pages"}],"about":[{"href":"https:\/\/www.slovozivota.sk\/ru-ru\/wp-json\/wp\/v2\/types\/page"}],"author":[{"embeddable":true,"href":"https:\/\/www.slovozivota.sk\/ru-ru\/wp-json\/wp\/v2\/users\/109"}],"replies":[{"embeddable":true,"href":"https:\/\/www.slovozivota.sk\/ru-ru\/wp-json\/wp\/v2\/comments?post=8800"}],"version-history":[{"count":0,"href":"https:\/\/www.slovozivota.sk\/ru-ru\/wp-json\/wp\/v2\/pages\/8800\/revisions"}],"wp:attachment":[{"href":"https:\/\/www.slovozivota.sk\/ru-ru\/wp-json\/wp\/v2\/media?parent=8800"}],"curies":[{"name":"wp","href":"https:\/\/api.w.org\/{rel}","templated":true}]}}